{"id":16772,"date":"2025-01-21T14:13:45","date_gmt":"2025-01-21T12:13:45","guid":{"rendered":"https:\/\/nationalpark-gesaeuse.at\/?page_id=16772"},"modified":"2025-01-21T14:15:25","modified_gmt":"2025-01-21T12:15:25","slug":"archiv-der-newsmeldungen","status":"publish","type":"page","link":"https:\/\/nationalpark-gesaeuse.at\/en\/service\/archiv-der-newsmeldungen\/","title":{"rendered":"Archiv der Newsmeldungen"},"content":{"rendered":"<section class=\"firepress-section firepress-image-text\">\n\t\t\t<div class=\"image-text\">\n\t\t\t<div class=\"image-text__content image-text__column\">\n\t\t\t\t\t\t\t\t\t<p class=\"image-text__subtitle\">20.12.2023<\/p>\n\t\t\t\t\n\t\t\t\t\t\t\t\t\t<h3 class=\"image-text__title\">Staff meet at R\u00f6thelstein Castle<\/h3>\n\t\t\t\t\n\t\t\t\t\t\t\t\t\t<div class=\"image-text__text\"><p>As beautiful as the Ges\u00e4use National Park was as a place to work during the year, the Knights' Hall in R\u00f6thelstein Castle is a wonderful venue for the end-of-year conference. The staff of the national park administration celebrated their successes in 2023 and are ready to continue their commitment to the Ges\u00e4use, nature and visitors in 2024.<\/p>\n<\/div>\n\t\t\t\t\n\t\t\t\t\t\t\t<\/div>\n\n\t\t\t\t\t\t\t<img loading=\"lazy\" decoding=\"async\" width=\"1024\" height=\"724\" src=\"https:\/\/nationalpark-gesaeuse.at\/wp-content\/uploads\/HWA55174-mit-Herbert-Kopie-1024x724.jpg\" class=\"image-text__image image-text__column\" alt=\"Staff meet at R\u00f6thelstein Castle\" srcset=\"https:\/\/nationalpark-gesaeuse.at\/wp-content\/uploads\/HWA55174-mit-Herbert-Kopie-1024x724.jpg 1024w, https:\/\/nationalpark-gesaeuse.at\/wp-content\/uploads\/HWA55174-mit-Herbert-Kopie-300x212.jpg 300w, https:\/\/nationalpark-gesaeuse.at\/wp-content\/uploads\/HWA55174-mit-Herbert-Kopie-768x543.jpg 768w, https:\/\/nationalpark-gesaeuse.at\/wp-content\/uploads\/HWA55174-mit-Herbert-Kopie-1536x1086.jpg 1536w, https:\/\/nationalpark-gesaeuse.at\/wp-content\/uploads\/HWA55174-mit-Herbert-Kopie-18x12.jpg 18w, https:\/\/nationalpark-gesaeuse.at\/wp-content\/uploads\/HWA55174-mit-Herbert-Kopie-1527x1080.jpg 1527w, https:\/\/nationalpark-gesaeuse.at\/wp-content\/uploads\/HWA55174-mit-Herbert-Kopie.jpg 1920w\" sizes=\"auto, (max-width: 1024px) 100vw, 1024px\" \/>\n\t\t\t\t\t<\/div>\n\t<\/section>\n\n\n<section class=\"firepress-section firepress-image-text\">\n\t\t\t<div class=\"image-text image-text--mirrored\">\n\t\t\t<div class=\"image-text__content image-text__column\">\n\t\t\t\t\t\t\t\t\t<p class=\"image-text__subtitle\">19.12.2023<\/p>\n\t\t\t\t\n\t\t\t\t\t\t\t\t\t<h3 class=\"image-text__title\">New supervisory bodies sworn in<\/h3>\n\t\t\t\t\n\t\t\t\t\t\t\t\t\t<div class=\"image-text__text\"><p>Lukas Stelzl from Department 13 at the Office of the Styrian Provincial Government visited the national park administration to swear in new supervisory bodies on site. Similar to the mountain and nature guards in the rest of the province, national park authorities are responsible for supervisory tasks, monitoring legal regulations and providing information to visitors on a voluntary basis. National park authorities are a kind of national park police force and act directly on behalf of the provincial government, with the national park administration assuming operational control. We wish the new members of the area supervision team much joy and accident-free service.<\/p>\n<\/div>\n\t\t\t\t\n\t\t\t\t\t\t\t<\/div>\n\n\t\t\t\t\t\t\t<img loading=\"lazy\" decoding=\"async\" width=\"1024\" height=\"1024\" src=\"https:\/\/nationalpark-gesaeuse.at\/wp-content\/uploads\/HWA95169-Kopie-2-1-1024x1024.jpg\" class=\"image-text__image image-text__column\" alt=\"New supervisory bodies sworn in\" srcset=\"https:\/\/nationalpark-gesaeuse.at\/wp-content\/uploads\/HWA95169-Kopie-2-1-1024x1024.jpg 1024w, https:\/\/nationalpark-gesaeuse.at\/wp-content\/uploads\/HWA95169-Kopie-2-1-300x300.jpg 300w, https:\/\/nationalpark-gesaeuse.at\/wp-content\/uploads\/HWA95169-Kopie-2-1-150x150.jpg 150w, https:\/\/nationalpark-gesaeuse.at\/wp-content\/uploads\/HWA95169-Kopie-2-1-768x768.jpg 768w, https:\/\/nationalpark-gesaeuse.at\/wp-content\/uploads\/HWA95169-Kopie-2-1-1536x1536.jpg 1536w, https:\/\/nationalpark-gesaeuse.at\/wp-content\/uploads\/HWA95169-Kopie-2-1-12x12.jpg 12w, https:\/\/nationalpark-gesaeuse.at\/wp-content\/uploads\/HWA95169-Kopie-2-1-1080x1080.jpg 1080w, https:\/\/nationalpark-gesaeuse.at\/wp-content\/uploads\/HWA95169-Kopie-2-1.jpg 1920w\" sizes=\"auto, (max-width: 1024px) 100vw, 1024px\" \/>\n\t\t\t\t\t<\/div>\n\t<\/section>\n\n\n<section class=\"firepress-section firepress-image-text\">\n\t\t\t<div class=\"image-text\">\n\t\t\t<div class=\"image-text__content image-text__column\">\n\t\t\t\t\t\t\t\t\t<p class=\"image-text__subtitle\">30.11.2023<\/p>\n\t\t\t\t\n\t\t\t\t\t\t\t\t\t<h3 class=\"image-text__title\">Continuation of the Ges\u00e4use shared taxi secured for 2024<\/h3>\n\t\t\t\t\n\t\t\t\t\t\t\t\t\t<div class=\"image-text__text\"><p>Between May and October 2024, the Ges\u00e4use shared taxi will once again supplement mobility in the Ges\u00e4use. This is made possible by the taxi companies Thalhuber and Wagner, as well as financial support from the municipalities of Admont, Ardning, Landl and St. Gallen, the tourism association and the national park.<br \/>\nSincere thanks are due to all those involved. The two taxi companies have been making the shared taxi service possible for 10 years, for which Federal Minister Leonore Gewessler recently thanked them personally.<\/p>\n<\/div>\n\t\t\t\t\n\t\t\t\t\t\t\t<\/div>\n\n\t\t\t\t\t\t\t<img loading=\"lazy\" decoding=\"async\" width=\"1024\" height=\"681\" src=\"https:\/\/nationalpark-gesaeuse.at\/wp-content\/uploads\/Nationalpark_Erweiterung_BMK_Cajetan_perwein-0513-1024x681.jpg\" class=\"image-text__image image-text__column\" alt=\"Ges\u00e4use collecting axe (c) Cajetan Perwein\" srcset=\"https:\/\/nationalpark-gesaeuse.at\/wp-content\/uploads\/Nationalpark_Erweiterung_BMK_Cajetan_perwein-0513-1024x681.jpg 1024w, https:\/\/nationalpark-gesaeuse.at\/wp-content\/uploads\/Nationalpark_Erweiterung_BMK_Cajetan_perwein-0513-1624x1080.jpg 1624w, https:\/\/nationalpark-gesaeuse.at\/wp-content\/uploads\/Nationalpark_Erweiterung_BMK_Cajetan_perwein-0513-300x200.jpg 300w, https:\/\/nationalpark-gesaeuse.at\/wp-content\/uploads\/Nationalpark_Erweiterung_BMK_Cajetan_perwein-0513-768x511.jpg 768w, https:\/\/nationalpark-gesaeuse.at\/wp-content\/uploads\/Nationalpark_Erweiterung_BMK_Cajetan_perwein-0513-1536x1022.jpg 1536w, https:\/\/nationalpark-gesaeuse.at\/wp-content\/uploads\/Nationalpark_Erweiterung_BMK_Cajetan_perwein-0513-scaled.jpg 2048w, https:\/\/nationalpark-gesaeuse.at\/wp-content\/uploads\/Nationalpark_Erweiterung_BMK_Cajetan_perwein-0513-18x12.jpg 18w\" sizes=\"auto, (max-width: 1024px) 100vw, 1024px\" \/>\n\t\t\t\t\t<\/div>\n\t<\/section>\n\n\n<section class=\"firepress-section firepress-image-text\">\n\t\t\t<div class=\"image-text image-text--mirrored\">\n\t\t\t<div class=\"image-text__content image-text__column\">\n\t\t\t\t\t\t\t\t\t<p class=\"image-text__subtitle\">09.11.2023<\/p>\n\t\t\t\t\n\t\t\t\t\t\t\t\t\t<h3 class=\"image-text__title\">Advance sales for car park tickets have started<\/h3>\n\t\t\t\t\n\t\t\t\t\t\t\t\t\t<div class=\"image-text__text\"><p>Advance sales for car park tickets have started - the prices remain the same, the offers have been extended.<\/p>\n<p>Annual tickets for guests are available all year round from the information office for 80. In advance (until the end of December) for 40.<br \/>\nIf you have your main residence in Admont, Ardning, St. Gallen or Landl, you can purchase a citizen's parking card at your municipal office as usual.<\/p>\n<p>The prices at the car park ticket machines also remain unchanged. You can find more information <a href=\"https:\/\/nationalpark-gesaeuse.at\/en\/discover-national-park\/car-parks\/\">here<\/a>.<\/p>\n<\/div>\n\t\t\t\t\n\t\t\t\t\t\t\t<\/div>\n\n\t\t\t\t\t\t\t<img loading=\"lazy\" decoding=\"async\" width=\"902\" height=\"1024\" src=\"https:\/\/nationalpark-gesaeuse.at\/wp-content\/uploads\/parkkarte_muster-breit-902x1024.jpg\" class=\"image-text__image image-text__column\" alt=\"Parking card sample\" srcset=\"https:\/\/nationalpark-gesaeuse.at\/wp-content\/uploads\/parkkarte_muster-breit-902x1024.jpg 902w, https:\/\/nationalpark-gesaeuse.at\/wp-content\/uploads\/parkkarte_muster-breit-952x1080.jpg 952w, https:\/\/nationalpark-gesaeuse.at\/wp-content\/uploads\/parkkarte_muster-breit-264x300.jpg 264w, https:\/\/nationalpark-gesaeuse.at\/wp-content\/uploads\/parkkarte_muster-breit-768x871.jpg 768w, https:\/\/nationalpark-gesaeuse.at\/wp-content\/uploads\/parkkarte_muster-breit-1354x1536.jpg 1354w, https:\/\/nationalpark-gesaeuse.at\/wp-content\/uploads\/parkkarte_muster-breit-11x12.jpg 11w, https:\/\/nationalpark-gesaeuse.at\/wp-content\/uploads\/parkkarte_muster-breit.jpg 1500w\" sizes=\"auto, (max-width: 902px) 100vw, 902px\" \/>\n\t\t\t\t\t<\/div>\n\t<\/section>\n\n\n<section class=\"firepress-section firepress-image-text\">\n\t\t\t<div class=\"image-text\">\n\t\t\t<div class=\"image-text__content image-text__column\">\n\t\t\t\t\t\t\t\t\t<p class=\"image-text__subtitle\">31.10.2023<\/p>\n\t\t\t\t\n\t\t\t\t\t\t\t\t\t<h3 class=\"image-text__title\">To exchange experiences in the Berchtesgaden National Park<\/h3>\n\t\t\t\t\n\t\t\t\t\t\t\t\t\t<div class=\"image-text__text\"><p>The colleagues in Berchtesgaden leave their full dynamics in the core area of nature, just like we do in the nature zone of the Ges\u00e4use NP.<\/p>\n<p>In the maintenance zone (1\/4 of the area, called the preservation zone in the Ges\u00e4use), active interventions for forest development were greatly reduced. Accompanying research by Prof. Rupert Seidl (TU Munich) shows that the development of economically overdeveloped monocultures into national park forests is by no means improved by the use of the chainsaw. Where the forest does not have to supply timber, but biodiversity and free genetic development are in the foreground, it is better if we leave the saws in the barn and let natural forces prevail. An instructive trip for Lutz Pickenpack, Head of the Styrian Provincial Forests and also Head of the Department of Forest and Wildlife Management in the Ges\u00e4use, for foresters Christopher F\u00fcrweger and Stefan Huber, for Alexander Maringer, Head of the Department of Research and Nature Conservation and also National Park Director Herbert W\u00f6lger. A big thank you for the personal guidance goes to Roland Baier, Director of the Berchtesgaden National Park and Daniel M\u00fcller, Head of SG 4 -Park Management.<\/p>\n<\/div>\n\t\t\t\t\n\t\t\t\t\t\t\t<\/div>\n\n\t\t\t\t\t\t\t<img loading=\"lazy\" decoding=\"async\" width=\"1024\" height=\"768\" src=\"https:\/\/nationalpark-gesaeuse.at\/wp-content\/uploads\/HW254427-1024x768.jpg\" class=\"image-text__image image-text__column\" alt=\"Ges\u00e4use NP in Berchtesgaden NP, (c) Herbert W\u00f6lger\" srcset=\"https:\/\/nationalpark-gesaeuse.at\/wp-content\/uploads\/HW254427-1024x768.jpg 1024w, https:\/\/nationalpark-gesaeuse.at\/wp-content\/uploads\/HW254427-1440x1080.jpg 1440w, https:\/\/nationalpark-gesaeuse.at\/wp-content\/uploads\/HW254427-300x225.jpg 300w, https:\/\/nationalpark-gesaeuse.at\/wp-content\/uploads\/HW254427-768x576.jpg 768w, https:\/\/nationalpark-gesaeuse.at\/wp-content\/uploads\/HW254427-1536x1152.jpg 1536w, https:\/\/nationalpark-gesaeuse.at\/wp-content\/uploads\/HW254427-16x12.jpg 16w, https:\/\/nationalpark-gesaeuse.at\/wp-content\/uploads\/HW254427.jpg 1555w\" sizes=\"auto, (max-width: 1024px) 100vw, 1024px\" \/>\n\t\t\t\t\t<\/div>\n\t<\/section>\n\n\n<section class=\"firepress-section firepress-image-text\">\n\t\t\t<div class=\"image-text image-text--mirrored\">\n\t\t\t<div class=\"image-text__content image-text__column\">\n\t\t\t\t\t\t\t\t\t<p class=\"image-text__subtitle\">28.10.2023<\/p>\n\t\t\t\t\n\t\t\t\t\t\t\t\t\t<h3 class=\"image-text__title\">Festival on the expansion of the Ges\u00e4use National Park<\/h3>\n\t\t\t\t\n\t\t\t\t\t\t\t\t\t<div class=\"image-text__text\"><p>On 27 October, the Ges\u00e4use National Park celebrated the addition of around 113 hectares of \u00d6BB land. Climate Protection Minister Leonore Gewessler, Styrian Provincial Councillors Ursula Lackner (Environment) and Simone Schmiedtbauer (Agriculture and Forestry) and \u00d6BB Infrastructure Director Judith Engel visited us on this occasion.  The celebration was accompanied by music from the Admont\/Hall, Weng and Johnsbach bands. Numerous guests gathered in the National Park Pavilion to celebrate this expansion in style.<\/p>\n<\/div>\n\t\t\t\t\n\t\t\t\t\t\t\t<\/div>\n\n\t\t\t\t\t\t\t<img loading=\"lazy\" decoding=\"async\" width=\"1024\" height=\"681\" src=\"https:\/\/nationalpark-gesaeuse.at\/wp-content\/uploads\/2023_10_27-Nationalpark_Erweiterung_BMK_Cajetan_perwein-0551-1024x681.jpg\" class=\"image-text__image image-text__column\" alt=\"\" srcset=\"https:\/\/nationalpark-gesaeuse.at\/wp-content\/uploads\/2023_10_27-Nationalpark_Erweiterung_BMK_Cajetan_perwein-0551-1024x681.jpg 1024w, https:\/\/nationalpark-gesaeuse.at\/wp-content\/uploads\/2023_10_27-Nationalpark_Erweiterung_BMK_Cajetan_perwein-0551-1624x1080.jpg 1624w, https:\/\/nationalpark-gesaeuse.at\/wp-content\/uploads\/2023_10_27-Nationalpark_Erweiterung_BMK_Cajetan_perwein-0551-300x200.jpg 300w, https:\/\/nationalpark-gesaeuse.at\/wp-content\/uploads\/2023_10_27-Nationalpark_Erweiterung_BMK_Cajetan_perwein-0551-768x511.jpg 768w, https:\/\/nationalpark-gesaeuse.at\/wp-content\/uploads\/2023_10_27-Nationalpark_Erweiterung_BMK_Cajetan_perwein-0551-1536x1022.jpg 1536w, https:\/\/nationalpark-gesaeuse.at\/wp-content\/uploads\/2023_10_27-Nationalpark_Erweiterung_BMK_Cajetan_perwein-0551-scaled.jpg 2048w, https:\/\/nationalpark-gesaeuse.at\/wp-content\/uploads\/2023_10_27-Nationalpark_Erweiterung_BMK_Cajetan_perwein-0551-18x12.jpg 18w\" sizes=\"auto, (max-width: 1024px) 100vw, 1024px\" \/>\n\t\t\t\t\t<\/div>\n\t<\/section>\n\n\n<section class=\"firepress-section firepress-image-text\">\n\t\t\t<div class=\"image-text\">\n\t\t\t<div class=\"image-text__content image-text__column\">\n\t\t\t\t\t\t\t\t\t<p class=\"image-text__subtitle\">18.10.2023<\/p>\n\t\t\t\t\n\t\t\t\t\t\t\t\t\t<h3 class=\"image-text__title\">Ges\u00e4use National Park in the So\u010da Valley<\/h3>\n\t\t\t\t\n\t\t\t\t\t\t\t\t\t<div class=\"image-text__text\"><p>This year's company outing of the Ges\u00e4use National Park took place from 13 to 15 October. With 22 colleagues we went over the Vr\u0161i\u010d Pass to Trenta, in the middle of the Triglav National Park, the only Slovenian National Park. There we were welcomed by Marco Pretner and guided through the visitor centre \"Dom Trenta\". After an exchange of experiences and a convivial evening, the next day we went to the So\u010da spring and into the rear Trenta valley. The afternoon hike took us further downstream, where the turquoise So\u010da blends ever deeper into the surrounding landscape. The journey home on Sunday was finally over the Predel Pass. A stop in Raibl and the visit to the mining town and the mining museum there concluded a programme full of contrasts. The whole team looks back on an extremely successful excursion, where fun was not neglected either.<\/p>\n<\/div>\n\t\t\t\t\n\t\t\t\t\t\t\t<\/div>\n\n\t\t\t\t\t\t\t<img loading=\"lazy\" decoding=\"async\" width=\"1024\" height=\"768\" src=\"https:\/\/nationalpark-gesaeuse.at\/wp-content\/uploads\/IMG_9291-1024x768.jpg\" class=\"image-text__image image-text__column\" alt=\"Suspension Bridge Soca Valley, Herbert W\u00f6lger\" srcset=\"https:\/\/nationalpark-gesaeuse.at\/wp-content\/uploads\/IMG_9291-1024x768.jpg 1024w, https:\/\/nationalpark-gesaeuse.at\/wp-content\/uploads\/IMG_9291-1440x1080.jpg 1440w, https:\/\/nationalpark-gesaeuse.at\/wp-content\/uploads\/IMG_9291-300x225.jpg 300w, https:\/\/nationalpark-gesaeuse.at\/wp-content\/uploads\/IMG_9291-768x576.jpg 768w, https:\/\/nationalpark-gesaeuse.at\/wp-content\/uploads\/IMG_9291-1536x1152.jpg 1536w, https:\/\/nationalpark-gesaeuse.at\/wp-content\/uploads\/IMG_9291-16x12.jpg 16w, https:\/\/nationalpark-gesaeuse.at\/wp-content\/uploads\/IMG_9291.jpg 2016w\" sizes=\"auto, (max-width: 1024px) 100vw, 1024px\" \/>\n\t\t\t\t\t<\/div>\n\t<\/section>\n\n\n<section class=\"firepress-section firepress-image-text\">\n\t\t\t<div class=\"image-text image-text--mirrored\">\n\t\t\t<div class=\"image-text__content image-text__column\">\n\t\t\t\t\t\t\t\t\t<p class=\"image-text__subtitle\">09.10.2023<\/p>\n\t\t\t\t\n\t\t\t\t\t\t\t\t\t<h3 class=\"image-text__title\">Der Nationalpark Ges\u00e4use beim \u201eMarkt der Zukunft\u201c &amp; \u201eMarkt der Artenvielfalt\u201c<\/h3>\n\t\t\t\t\n\t\t\t\t\t\t\t\t\t<div class=\"image-text__text\"><p>On 7 October 2023, the Ges\u00e4use National Park presented itself at two sustainable and promising \"markets\" in Styria:<\/p>\n<p>&nbsp;<\/p>\n<p>Since 2020, the \"Market of the Future\" in Graz has made climate culture a multi-layered and exciting space for action - together with stakeholders.<\/p>\n<p>of initiative culture, nature conservation, science, business, civil society and art - with Styria's only national park, the Ges\u00e4use, right in the middle!<\/p>\n<p>At the \"Market of Biodiversity\" at Tierwelt Herberstein, numerous associations and organisations presented themselves, which are committed to our nature and thus to the protection of our environment.<\/p>\n<p>our livelihoods. Besides our \"neighbouring\" protected areas, the D\u00fcrrenstein Wilderness Area and the Styrian Eisenwurzen Nature Park<\/p>\n<p>the Ges\u00e4use National Park was also represented there. About a pile of deadwood and all the organisms found in it came<\/p>\n<p>our National Park Rangers talked to many interested visitors.<\/p>\n<\/div>\n\t\t\t\t\n\t\t\t\t\t\t\t<\/div>\n\n\t\t\t\t\t\t\t<img loading=\"lazy\" decoding=\"async\" width=\"1024\" height=\"768\" src=\"https:\/\/nationalpark-gesaeuse.at\/wp-content\/uploads\/20231007_100233_klein-1024x768.jpg\" class=\"image-text__image image-text__column\" alt=\"Stand, Markt der Artenvielfalt Herberstein\" srcset=\"https:\/\/nationalpark-gesaeuse.at\/wp-content\/uploads\/20231007_100233_klein-1024x768.jpg 1024w, https:\/\/nationalpark-gesaeuse.at\/wp-content\/uploads\/20231007_100233_klein-1440x1080.jpg 1440w, https:\/\/nationalpark-gesaeuse.at\/wp-content\/uploads\/20231007_100233_klein-300x225.jpg 300w, https:\/\/nationalpark-gesaeuse.at\/wp-content\/uploads\/20231007_100233_klein-768x576.jpg 768w, https:\/\/nationalpark-gesaeuse.at\/wp-content\/uploads\/20231007_100233_klein-1536x1152.jpg 1536w, https:\/\/nationalpark-gesaeuse.at\/wp-content\/uploads\/20231007_100233_klein-scaled.jpg 2048w, https:\/\/nationalpark-gesaeuse.at\/wp-content\/uploads\/20231007_100233_klein-16x12.jpg 16w\" sizes=\"auto, (max-width: 1024px) 100vw, 1024px\" \/>\n\t\t\t\t\t<\/div>\n\t<\/section>\n\n\n<section class=\"firepress-section firepress-image-text\">\n\t\t\t<div class=\"image-text\">\n\t\t\t<div class=\"image-text__content image-text__column\">\n\t\t\t\t\t\t\t\t\t<p class=\"image-text__subtitle\">02.10.2023<\/p>\n\t\t\t\t\n\t\t\t\t\t\t\t\t\t<h3 class=\"image-text__title\">Grazer Wechselseitige on a visit<\/h3>\n\t\t\t\t\n\t\t\t\t\t\t\t\t\t<div class=\"image-text__text\"><p>At the end of September, the \"diamond pin holders\" of Grazer Wechselseitige Versicherung visited us. Among them were General Director Klaus Scheitegel, Board Director Georg Schneider, Board Director Paul Swoboda, Head of Communications Karin Taferner-Bauer and Gernot Prantl, Head of the Admont Customer Centre. Grawe sponsors the National Park Youth Advisory Council \"youth for nature\" as part of its youth programme \"sidebyside\". Incidentally, the activities of this committed group of young people have also caught EUROPARC's attention and they have invited them to a large conference next year. Congratulations to \"YOUth for Nature\" and many thanks to the Grawe for their support.<\/p>\n<\/div>\n\t\t\t\t\n\t\t\t\t\t\t\t<\/div>\n\n\t\t\t\t\t\t\t<img loading=\"lazy\" decoding=\"async\" width=\"1024\" height=\"768\" src=\"https:\/\/nationalpark-gesaeuse.at\/wp-content\/uploads\/IMG_8623-1024x768.jpg\" class=\"image-text__image image-text__column\" alt=\"Grazer Wechselseitige on a visit\" srcset=\"https:\/\/nationalpark-gesaeuse.at\/wp-content\/uploads\/IMG_8623-1024x768.jpg 1024w, https:\/\/nationalpark-gesaeuse.at\/wp-content\/uploads\/IMG_8623-1440x1080.jpg 1440w, https:\/\/nationalpark-gesaeuse.at\/wp-content\/uploads\/IMG_8623-300x225.jpg 300w, https:\/\/nationalpark-gesaeuse.at\/wp-content\/uploads\/IMG_8623-768x576.jpg 768w, https:\/\/nationalpark-gesaeuse.at\/wp-content\/uploads\/IMG_8623-1536x1152.jpg 1536w, https:\/\/nationalpark-gesaeuse.at\/wp-content\/uploads\/IMG_8623-16x12.jpg 16w, https:\/\/nationalpark-gesaeuse.at\/wp-content\/uploads\/IMG_8623.jpg 1920w\" sizes=\"auto, (max-width: 1024px) 100vw, 1024px\" \/>\n\t\t\t\t\t<\/div>\n\t<\/section>\n\n\n<section class=\"firepress-section firepress-image-text\">\n\t\t\t<div class=\"image-text image-text--mirrored\">\n\t\t\t<div class=\"image-text__content image-text__column\">\n\t\t\t\t\t\t\t\t\t<p class=\"image-text__subtitle\">29.09.2023<\/p>\n\t\t\t\t\n\t\t\t\t\t\t\t\t\t<h3 class=\"image-text__title\">National Parks Austria Meeting<\/h3>\n\t\t\t\t\n\t\t\t\t\t\t\t\t\t<div class=\"image-text__text\"><p>Every two years, (almost) all staff members of the Austrian national parks meet. On a late summer day in 2023, the time had come again: the national park family came together in Hainburg on the Danube in the Kulturfabrik to exchange ideas, to further educate themselves and, of course, to celebrate. The Hainburg tobacco factory became the Kulturfabrik, power plant plans became the Danube Floodplains National Park. History is not linear and always good for surprises!<\/p>\n<p>C'est la vie.<\/p>\n<\/div>\n\t\t\t\t\n\t\t\t\t\t\t\t<\/div>\n\n\t\t\t\t\t\t\t<img loading=\"lazy\" decoding=\"async\" width=\"960\" height=\"539\" src=\"https:\/\/nationalpark-gesaeuse.at\/wp-content\/uploads\/Mitarbeitertag-2023.jpg\" class=\"image-text__image image-text__column\" alt=\"Employee Day 2023\" srcset=\"https:\/\/nationalpark-gesaeuse.at\/wp-content\/uploads\/Mitarbeitertag-2023.jpg 960w, https:\/\/nationalpark-gesaeuse.at\/wp-content\/uploads\/Mitarbeitertag-2023-300x168.jpg 300w, https:\/\/nationalpark-gesaeuse.at\/wp-content\/uploads\/Mitarbeitertag-2023-768x431.jpg 768w, https:\/\/nationalpark-gesaeuse.at\/wp-content\/uploads\/Mitarbeitertag-2023-18x10.jpg 18w\" sizes=\"auto, (max-width: 960px) 100vw, 960px\" \/>\n\t\t\t\t\t<\/div>\n\t<\/section>\n\n\n<section class=\"firepress-section firepress-image-text\">\n\t\t\t<div class=\"image-text\">\n\t\t\t<div class=\"image-text__content image-text__column\">\n\t\t\t\t\t\t\t\t\t<p class=\"image-text__subtitle\">25.09.2023<\/p>\n\t\t\t\t\n\t\t\t\t\t\t\t\t\t<h3 class=\"image-text__title\">Magazin &quot;Im Gseis&quot;<\/h3>\n\t\t\t\t\n\t\t\t\t\t\t\t\t\t<div class=\"image-text__text\"><p>The Winter 2023 issue of the National Park Magazine \"Im Gseis\" has just been published. It is now available online and from mid-October free of charge at the information office in Admont and at the information stands of our Ges\u00e4use partners. This time with the special topic lynx.<\/p>\n<p>&nbsp;<\/p>\n<p>You can also subscribe to our magazine free of charge. By email or letter with name and address: Karin Lattacher, Nationalpark Ges\u00e4use GmbH, 8913 Weng im Ges\u00e4use 2 k.lattacher@nationalpark-gesaeuse.at<\/p>\n<p>&nbsp;<\/p>\n<p>\ud83d\udcf7: Christine Sonvilla &amp; Marc Graf<\/p>\n<\/div>\n\t\t\t\t\n\t\t\t\t\t\t\t\t\t<a\n\t\t\t\t\t\tclass=\"image-text__link button button--dark\"\n\t\t\t\t\t\thref=\"https:\/\/nationalpark-gesaeuse.at\/wp-content\/uploads\/Im_Gseis_41.pdf\"\n\t\t\t\t\t\t\t\t\t\t\t>Download<\/a>\n\t\t\t\t\t\t\t<\/div>\n\n\t\t\t\t\t\t\t<img loading=\"lazy\" decoding=\"async\" width=\"724\" height=\"1024\" src=\"https:\/\/nationalpark-gesaeuse.at\/wp-content\/uploads\/ImGseis41-Winter-2023-S1_Cover-724x1024.jpg\" class=\"image-text__image image-text__column\" alt=\"Magazin &quot;Im Gseis&quot; Winter 2023\" srcset=\"https:\/\/nationalpark-gesaeuse.at\/wp-content\/uploads\/ImGseis41-Winter-2023-S1_Cover-724x1024.jpg 724w, https:\/\/nationalpark-gesaeuse.at\/wp-content\/uploads\/ImGseis41-Winter-2023-S1_Cover-768x1087.jpg 768w, https:\/\/nationalpark-gesaeuse.at\/wp-content\/uploads\/ImGseis41-Winter-2023-S1_Cover-763x1080.jpg 763w, https:\/\/nationalpark-gesaeuse.at\/wp-content\/uploads\/ImGseis41-Winter-2023-S1_Cover-212x300.jpg 212w, https:\/\/nationalpark-gesaeuse.at\/wp-content\/uploads\/ImGseis41-Winter-2023-S1_Cover-1086x1536.jpg 1086w, https:\/\/nationalpark-gesaeuse.at\/wp-content\/uploads\/ImGseis41-Winter-2023-S1_Cover-scaled.jpg 1448w, https:\/\/nationalpark-gesaeuse.at\/wp-content\/uploads\/ImGseis41-Winter-2023-S1_Cover-8x12.jpg 8w\" sizes=\"auto, (max-width: 724px) 100vw, 724px\" \/>\n\t\t\t\t\t<\/div>\n\t<\/section>\n\n\n<section class=\"firepress-section firepress-image-text\">\n\t\t\t<div class=\"image-text image-text--mirrored\">\n\t\t\t<div class=\"image-text__content image-text__column\">\n\t\t\t\t\t\t\t\t\t<p class=\"image-text__subtitle\">05.09.2023<\/p>\n\t\t\t\t\n\t\t\t\t\t\t\t\t\t<h3 class=\"image-text__title\">Xeis Plaster 2023<\/h3>\n\t\t\t\t\n\t\t\t\t\t\t\t\t\t<div class=\"image-text__text\"><p>What do 23 women and men, 8 junior rangers and 6 kayakers have in common on a beautiful September Saturday in the Ges\u00e4use? Guess right, they are doing the annual general clean-up. This means that the main road and large parts of the Enns riverbank are cleared of rubbish. The result: 38 bags of rubbish, 1 bicycle frame, 1 front wheel, 2 drinks crates, 1 ski binding, 1 doll, 1 number plate, 1 miniature toy excavator and 1 bra. And of course, the most bizarre found object was awarded a prize. Afterwards, the entire work team was treated to a delicious vegetarian barbecue by the Youth for Nature team at the Weidendom adventure centre. This is what happened on 2 September 2023.<\/p>\n<\/div>\n\t\t\t\t\n\t\t\t\t\t\t\t<\/div>\n\n\t\t\t\t\t\t\t<img loading=\"lazy\" decoding=\"async\" width=\"1024\" height=\"683\" src=\"https:\/\/nationalpark-gesaeuse.at\/wp-content\/uploads\/Xeis-Putz-1024x683.jpg\" class=\"image-text__image image-text__column\" alt=\"Xeis Plaster 2023\" srcset=\"https:\/\/nationalpark-gesaeuse.at\/wp-content\/uploads\/Xeis-Putz-1024x683.jpg 1024w, https:\/\/nationalpark-gesaeuse.at\/wp-content\/uploads\/Xeis-Putz-300x200.jpg 300w, https:\/\/nationalpark-gesaeuse.at\/wp-content\/uploads\/Xeis-Putz-768x512.jpg 768w, https:\/\/nationalpark-gesaeuse.at\/wp-content\/uploads\/Xeis-Putz-18x12.jpg 18w, https:\/\/nationalpark-gesaeuse.at\/wp-content\/uploads\/Xeis-Putz.jpg 1440w\" sizes=\"auto, (max-width: 1024px) 100vw, 1024px\" \/>\n\t\t\t\t\t<\/div>\n\t<\/section>\n\n\n<section class=\"firepress-section firepress-image-text\">\n\t\t\t<div class=\"image-text\">\n\t\t\t<div class=\"image-text__content image-text__column\">\n\t\t\t\t\t\t\t\t\t<p class=\"image-text__subtitle\">04.09.2023<\/p>\n\t\t\t\t\n\t\t\t\t\t\t\t\t\t<h3 class=\"image-text__title\">State Councillor Amon visits the National Park<\/h3>\n\t\t\t\t\n\t\t\t\t\t\t\t\t\t<div class=\"image-text__text\"><p>\"Climate protection is one of the most important future issues of our time - which makes it all the more important to anchor nature conservation and the environment as a central educational topic also in regional adult education. That is why it is very important to me that institutions from nature conservation and adult education work together on cooperation possibilities and that the results will be included in the 'Styrian Declaration of Adult Education',\" says Provincial Councillor Werner Amon in the course of a meeting of the Styrian Education Network in the Ges\u00e4use National Park.<\/p>\n<\/div>\n\t\t\t\t\n\t\t\t\t\t\t\t<\/div>\n\n\t\t\t\t\t\t\t<img loading=\"lazy\" decoding=\"async\" width=\"1024\" height=\"1024\" src=\"https:\/\/nationalpark-gesaeuse.at\/wp-content\/uploads\/2023_09_04-Netzwerkstreffen-im-Nationalpark-Gesaeuse-Werner-Amon-\u00a9-Land-Steiermark-Binder-Kopie-1024x1024.jpg\" class=\"image-text__image image-text__column\" alt=\"Werner Amon \u00a9 Land Steiermark Binder\" srcset=\"https:\/\/nationalpark-gesaeuse.at\/wp-content\/uploads\/2023_09_04-Netzwerkstreffen-im-Nationalpark-Gesaeuse-Werner-Amon-\u00a9-Land-Steiermark-Binder-Kopie-1024x1024.jpg 1024w, https:\/\/nationalpark-gesaeuse.at\/wp-content\/uploads\/2023_09_04-Netzwerkstreffen-im-Nationalpark-Gesaeuse-Werner-Amon-\u00a9-Land-Steiermark-Binder-Kopie-1080x1080.jpg 1080w, https:\/\/nationalpark-gesaeuse.at\/wp-content\/uploads\/2023_09_04-Netzwerkstreffen-im-Nationalpark-Gesaeuse-Werner-Amon-\u00a9-Land-Steiermark-Binder-Kopie-150x150.jpg 150w, https:\/\/nationalpark-gesaeuse.at\/wp-content\/uploads\/2023_09_04-Netzwerkstreffen-im-Nationalpark-Gesaeuse-Werner-Amon-\u00a9-Land-Steiermark-Binder-Kopie-300x300.jpg 300w, https:\/\/nationalpark-gesaeuse.at\/wp-content\/uploads\/2023_09_04-Netzwerkstreffen-im-Nationalpark-Gesaeuse-Werner-Amon-\u00a9-Land-Steiermark-Binder-Kopie-768x768.jpg 768w, https:\/\/nationalpark-gesaeuse.at\/wp-content\/uploads\/2023_09_04-Netzwerkstreffen-im-Nationalpark-Gesaeuse-Werner-Amon-\u00a9-Land-Steiermark-Binder-Kopie-1536x1536.jpg 1536w, https:\/\/nationalpark-gesaeuse.at\/wp-content\/uploads\/2023_09_04-Netzwerkstreffen-im-Nationalpark-Gesaeuse-Werner-Amon-\u00a9-Land-Steiermark-Binder-Kopie-12x12.jpg 12w, https:\/\/nationalpark-gesaeuse.at\/wp-content\/uploads\/2023_09_04-Netzwerkstreffen-im-Nationalpark-Gesaeuse-Werner-Amon-\u00a9-Land-Steiermark-Binder-Kopie.jpg 2001w\" sizes=\"auto, (max-width: 1024px) 100vw, 1024px\" \/>\n\t\t\t\t\t<\/div>\n\t<\/section>\n\n\n<section class=\"firepress-section firepress-image-text\">\n\t\t\t<div class=\"image-text image-text--mirrored\">\n\t\t\t<div class=\"image-text__content image-text__column\">\n\t\t\t\t\t\t\t\t\t<p class=\"image-text__subtitle\">28.08.2023<\/p>\n\t\t\t\t\n\t\t\t\t\t\t\t\t\t<h3 class=\"image-text__title\">District hunters visit the National Park<\/h3>\n\t\t\t\t\n\t\t\t\t\t\t\t\t\t<div class=\"image-text__text\"><p>At the invitation of the Liezen District Hunting Office, a delegation of hunting officials headed by District Hunting Master Peter Wiesenbauer visited the Ges\u00e4use National Park. National Park Director Herbert W\u00f6lger explained to the hunters how forest and game management in the National Park is designed in consideration of nature conservation goals. The programme also included a tour of the Lettmair Au, the Weidendom adventure centre and, of course, an extensive discussion of the large predators. The exchange with representatives of the forestry and hunting industry is a special concern of the National Park. Our sincere thanks go to Ferdinand Weissensteiner, Hegemeister in St. Gallen, for the excellent organisation.<\/p>\n<\/div>\n\t\t\t\t\n\t\t\t\t\t\t\t<\/div>\n\n\t\t\t\t\t\t\t<img loading=\"lazy\" decoding=\"async\" width=\"1024\" height=\"768\" src=\"https:\/\/nationalpark-gesaeuse.at\/wp-content\/uploads\/IMG_6853-1024x768.jpg\" class=\"image-text__image image-text__column\" alt=\"Bezirksj\u00e4gertreffen\" srcset=\"https:\/\/nationalpark-gesaeuse.at\/wp-content\/uploads\/IMG_6853-1024x768.jpg 1024w, https:\/\/nationalpark-gesaeuse.at\/wp-content\/uploads\/IMG_6853-1440x1080.jpg 1440w, https:\/\/nationalpark-gesaeuse.at\/wp-content\/uploads\/IMG_6853-300x225.jpg 300w, https:\/\/nationalpark-gesaeuse.at\/wp-content\/uploads\/IMG_6853-768x576.jpg 768w, https:\/\/nationalpark-gesaeuse.at\/wp-content\/uploads\/IMG_6853-1536x1152.jpg 1536w, https:\/\/nationalpark-gesaeuse.at\/wp-content\/uploads\/IMG_6853-scaled.jpg 2048w, https:\/\/nationalpark-gesaeuse.at\/wp-content\/uploads\/IMG_6853-16x12.jpg 16w\" sizes=\"auto, (max-width: 1024px) 100vw, 1024px\" \/>\n\t\t\t\t\t<\/div>\n\t<\/section>\n\n\n<section class=\"firepress-section firepress-image-text\">\n\t\t\t<div class=\"image-text\">\n\t\t\t<div class=\"image-text__content image-text__column\">\n\t\t\t\t\t\t\t\t\t<p class=\"image-text__subtitle\">16.08.2023<\/p>\n\t\t\t\t\n\t\t\t\t\t\t\t\t\t<h3 class=\"image-text__title\">National Park Radio - Adventure Holidays in the Studio<\/h3>\n\t\t\t\t\n\t\t\t\t\t\t\t\t\t<div class=\"image-text__text\"><p>This time, a total of 17 children aged 8 to 14 took part in the RADIO FREEQUENNS summer programme. Once again, a group from the Admont\/National Park Ges\u00e4use broadcasting area took part this year. <em>National Park Radio presenter Andi Hollinger<\/em> arrived. After a short workshop in which they learned interesting facts about the medium of radio, it was time for the practical part. The enthusiasm and especially the excitement were great when the kids stood in front of an open microphone and mixing desk in the LIVE studio for the first time, because now they had the opportunity to test their moderation skills. Of course, they also selected and announced their favourite music themselves. The programme can be listened to permanently at the following link: <a href=\"https:\/\/cba.fro.at\/630566\">https:\/\/cba.fro.at\/630566<\/a><\/p>\n<\/div>\n\t\t\t\t\n\t\t\t\t\t\t\t<\/div>\n\n\t\t\t\t\t\t\t<img loading=\"lazy\" decoding=\"async\" width=\"1024\" height=\"768\" src=\"https:\/\/nationalpark-gesaeuse.at\/wp-content\/uploads\/Ferienprogramm-Nationalpark-Gesaeuse-1024x768.jpg\" class=\"image-text__image image-text__column\" alt=\"Children in the Frequenns Studio\" srcset=\"https:\/\/nationalpark-gesaeuse.at\/wp-content\/uploads\/Ferienprogramm-Nationalpark-Gesaeuse-1024x768.jpg 1024w, https:\/\/nationalpark-gesaeuse.at\/wp-content\/uploads\/Ferienprogramm-Nationalpark-Gesaeuse-1440x1080.jpg 1440w, https:\/\/nationalpark-gesaeuse.at\/wp-content\/uploads\/Ferienprogramm-Nationalpark-Gesaeuse-300x225.jpg 300w, https:\/\/nationalpark-gesaeuse.at\/wp-content\/uploads\/Ferienprogramm-Nationalpark-Gesaeuse-768x576.jpg 768w, https:\/\/nationalpark-gesaeuse.at\/wp-content\/uploads\/Ferienprogramm-Nationalpark-Gesaeuse-1536x1152.jpg 1536w, https:\/\/nationalpark-gesaeuse.at\/wp-content\/uploads\/Ferienprogramm-Nationalpark-Gesaeuse-16x12.jpg 16w, https:\/\/nationalpark-gesaeuse.at\/wp-content\/uploads\/Ferienprogramm-Nationalpark-Gesaeuse.jpg 2016w\" sizes=\"auto, (max-width: 1024px) 100vw, 1024px\" \/>\n\t\t\t\t\t<\/div>\n\t<\/section>\n\n\n<section class=\"firepress-section firepress-image-text\">\n\t\t\t<div class=\"image-text image-text--mirrored\">\n\t\t\t<div class=\"image-text__content image-text__column\">\n\t\t\t\t\t\t\t\t\t<p class=\"image-text__subtitle\">09.08.2023<\/p>\n\t\t\t\t\n\t\t\t\t\t\t\t\t\t<h3 class=\"image-text__title\">Invasive Aliens Action Days<\/h3>\n\t\t\t\t\n\t\t\t\t\t\t\t\t\t<div class=\"image-text__text\"><p>From 30 July to 6 August, 15 volunteers came to the Ges\u00e4use National Park to fight neophytes. Supported by the Service Civil International (<a href=\"https:\/\/www.sciaustria.org\/\">SCI<\/a>), the international team from Austria, Italy, Spain, Slovakia, the Czech Republic and Mexico helped to eliminate numerous invasive plant species.<\/p>\n<\/div>\n\t\t\t\t\n\t\t\t\t\t\t\t<\/div>\n\n\t\t\t\t\t\t\t<img loading=\"lazy\" decoding=\"async\" width=\"865\" height=\"1024\" src=\"https:\/\/nationalpark-gesaeuse.at\/wp-content\/uploads\/IMG_5644_neu-865x1024.jpg\" class=\"image-text__image image-text__column\" alt=\"Neophytes Camp\" srcset=\"https:\/\/nationalpark-gesaeuse.at\/wp-content\/uploads\/IMG_5644_neu-865x1024.jpg 865w, https:\/\/nationalpark-gesaeuse.at\/wp-content\/uploads\/IMG_5644_neu-913x1080.jpg 913w, https:\/\/nationalpark-gesaeuse.at\/wp-content\/uploads\/IMG_5644_neu-254x300.jpg 254w, https:\/\/nationalpark-gesaeuse.at\/wp-content\/uploads\/IMG_5644_neu-768x909.jpg 768w, https:\/\/nationalpark-gesaeuse.at\/wp-content\/uploads\/IMG_5644_neu-1298x1536.jpg 1298w, https:\/\/nationalpark-gesaeuse.at\/wp-content\/uploads\/IMG_5644_neu-scaled.jpg 1731w, https:\/\/nationalpark-gesaeuse.at\/wp-content\/uploads\/IMG_5644_neu-10x12.jpg 10w\" sizes=\"auto, (max-width: 865px) 100vw, 865px\" \/>\n\t\t\t\t\t<\/div>\n\t<\/section>\n\n\n<section class=\"firepress-section firepress-image-text\">\n\t\t\t<div class=\"image-text\">\n\t\t\t<div class=\"image-text__content image-text__column\">\n\t\t\t\t\t\t\t\t\t<p class=\"image-text__subtitle\">31.07.2023<\/p>\n\t\t\t\t\n\t\t\t\t\t\t\t\t\t<h3 class=\"image-text__title\">Nepalese ambassador on visit<\/h3>\n\t\t\t\t\n\t\t\t\t\t\t\t\t\t<div class=\"image-text__text\"><p>Kancha Gurung not only has an excellent Nepalese restaurant in Vienna (the Yak and Yeti in the 6th district), but is also related to the nature photographer Tashi Ghale from Manang (Nepal, at the foot of Annapurna), whose snow leopard pictures are exhibited in the gallery of the National Park Photo School. Kancha therefore visited the Focus Gallery and immediately brought relatives, friends and even the ambassador of Nepal, Mr. Bharat Kumar.<br \/>\nThank you for the visit.<\/p>\n<\/div>\n\t\t\t\t\n\t\t\t\t\t\t\t<\/div>\n\n\t\t\t\t\t\t\t<img loading=\"lazy\" decoding=\"async\" width=\"1024\" height=\"901\" src=\"https:\/\/nationalpark-gesaeuse.at\/wp-content\/uploads\/HW001184b-1024x901.jpg\" class=\"image-text__image image-text__column\" alt=\"\" srcset=\"https:\/\/nationalpark-gesaeuse.at\/wp-content\/uploads\/HW001184b-1024x901.jpg 1024w, https:\/\/nationalpark-gesaeuse.at\/wp-content\/uploads\/HW001184b-1228x1080.jpg 1228w, https:\/\/nationalpark-gesaeuse.at\/wp-content\/uploads\/HW001184b-300x264.jpg 300w, https:\/\/nationalpark-gesaeuse.at\/wp-content\/uploads\/HW001184b-768x676.jpg 768w, https:\/\/nationalpark-gesaeuse.at\/wp-content\/uploads\/HW001184b-1536x1351.jpg 1536w, https:\/\/nationalpark-gesaeuse.at\/wp-content\/uploads\/HW001184b-14x12.jpg 14w, https:\/\/nationalpark-gesaeuse.at\/wp-content\/uploads\/HW001184b.jpg 1920w\" sizes=\"auto, (max-width: 1024px) 100vw, 1024px\" \/>\n\t\t\t\t\t<\/div>\n\t<\/section>\n\n\n<section class=\"firepress-section firepress-image-text\">\n\t\t\t<div class=\"image-text image-text--mirrored\">\n\t\t\t<div class=\"image-text__content image-text__column\">\n\t\t\t\t\t\t\t\t\t<p class=\"image-text__subtitle\">18.07.2023<\/p>\n\t\t\t\t\n\t\t\t\t\t\t\t\t\t<h3 class=\"image-text__title\">Bird markers to protect grouse<\/h3>\n\t\t\t\t\n\t\t\t\t\t\t\t\t\t<div class=\"image-text__text\"><p>The Ges\u00e4use National Park is home to protected grouse species such as capercaillie and black grouse. Suspension cables or overhead power lines at canopy height pose a danger to the birds. Experts therefore recommend making the obstacles visible to the animals.<br \/>\nOne of the capercaillie occurrences in the National Park is in the Gstatterboden basin. If you go higher up, you enter the habitat of the black grouse. Both habitats are intersected by the material cableway to the Ennstaler H\u00fctte. In order to prevent possible collisions, we were able to implement the installation of so-called \"bird protection markers\" in close coordination with the hut keepers and the Steyr Alpine Club. These are flags made of robust plastic, which are clipped onto an auxiliary rope. They are conspicuously coloured and reflect in order to warn birds flying through of the obstacle.<\/p>\n<\/div>\n\t\t\t\t\n\t\t\t\t\t\t\t<\/div>\n\n\t\t\t\t\t\t\t<img loading=\"lazy\" decoding=\"async\" width=\"990\" height=\"1024\" src=\"https:\/\/nationalpark-gesaeuse.at\/wp-content\/uploads\/Ennstalerhuette-32-Kopie-990x1024.jpg\" class=\"image-text__image image-text__column\" alt=\"Bird marker\" srcset=\"https:\/\/nationalpark-gesaeuse.at\/wp-content\/uploads\/Ennstalerhuette-32-Kopie-990x1024.jpg 990w, https:\/\/nationalpark-gesaeuse.at\/wp-content\/uploads\/Ennstalerhuette-32-Kopie-1044x1080.jpg 1044w, https:\/\/nationalpark-gesaeuse.at\/wp-content\/uploads\/Ennstalerhuette-32-Kopie-290x300.jpg 290w, https:\/\/nationalpark-gesaeuse.at\/wp-content\/uploads\/Ennstalerhuette-32-Kopie-768x794.jpg 768w, https:\/\/nationalpark-gesaeuse.at\/wp-content\/uploads\/Ennstalerhuette-32-Kopie-1485x1536.jpg 1485w, https:\/\/nationalpark-gesaeuse.at\/wp-content\/uploads\/Ennstalerhuette-32-Kopie-scaled.jpg 1980w, https:\/\/nationalpark-gesaeuse.at\/wp-content\/uploads\/Ennstalerhuette-32-Kopie-12x12.jpg 12w\" sizes=\"auto, (max-width: 990px) 100vw, 990px\" \/>\n\t\t\t\t\t<\/div>\n\t<\/section>\n\n\n<section class=\"firepress-section firepress-image-text\">\n\t\t\t<div class=\"image-text\">\n\t\t\t<div class=\"image-text__content image-text__column\">\n\t\t\t\t\t\t\t\t\t<p class=\"image-text__subtitle\">10.07.2023<\/p>\n\t\t\t\t\n\t\t\t\t\t\t\t\t\t<h3 class=\"image-text__title\">Exhibition \"Snow Leopards<\/h3>\n\t\t\t\t\n\t\t\t\t\t\t\t\t\t<div class=\"image-text__text\"><p>Opening of the exhibition of the Nepalese nature photographer and wildlife specialist Tashi R. Ghale.<\/p>\n<p>The FOKUS Gallery in Admont, Hauptstra\u00dfe 32, is currently hosting an impressive exhibition on what is probably the most impressive animal inhabitant of the highest mountain ranges on earth, the snow leopard. <\/p>\n<p>Native to the high mountains of Central Asia, its habitat covers a vast landscape of more than three million square kilometres. Nevertheless, the snow leopard's population is considered extremely threatened - conflicts with pastoralists, increased exploitation of resources and climate change are at the top of the list.<br \/>\nThe exhibition can be visited free of charge (Mon-Sat) until 12 August 2023.<\/p>\n<\/div>\n\t\t\t\t\n\t\t\t\t\t\t\t<\/div>\n\n\t\t\t\t\t\t\t<img loading=\"lazy\" decoding=\"async\" width=\"1024\" height=\"768\" src=\"https:\/\/nationalpark-gesaeuse.at\/wp-content\/uploads\/IMG_5701-1024x768.jpg\" class=\"image-text__image image-text__column\" alt=\"\u201eSchneeleoparden\u201c - Er\u00f6ffnung der Ausstellung\" srcset=\"https:\/\/nationalpark-gesaeuse.at\/wp-content\/uploads\/IMG_5701-1024x768.jpg 1024w, https:\/\/nationalpark-gesaeuse.at\/wp-content\/uploads\/IMG_5701-1440x1080.jpg 1440w, https:\/\/nationalpark-gesaeuse.at\/wp-content\/uploads\/IMG_5701-300x225.jpg 300w, https:\/\/nationalpark-gesaeuse.at\/wp-content\/uploads\/IMG_5701-768x576.jpg 768w, https:\/\/nationalpark-gesaeuse.at\/wp-content\/uploads\/IMG_5701-1536x1152.jpg 1536w, https:\/\/nationalpark-gesaeuse.at\/wp-content\/uploads\/IMG_5701-16x12.jpg 16w, https:\/\/nationalpark-gesaeuse.at\/wp-content\/uploads\/IMG_5701.jpg 1920w\" sizes=\"auto, (max-width: 1024px) 100vw, 1024px\" \/>\n\t\t\t\t\t<\/div>\n\t<\/section>\n\n\n<section class=\"firepress-section firepress-image-text\">\n\t\t\t<div class=\"image-text image-text--mirrored\">\n\t\t\t<div class=\"image-text__content image-text__column\">\n\t\t\t\t\t\t\t\t\t<p class=\"image-text__subtitle\">21.06.2023<\/p>\n\t\t\t\t\n\t\t\t\t\t\t\t\t\t<h3 class=\"image-text__title\">News from the Ges\u00e4use partners<\/h3>\n\t\t\t\t\n\t\t\t\t\t\t\t\t\t<div class=\"image-text__text\"><p>At the Partner Council on 20 June, the \"Wilderness Area D\u00fcrrenstein-Lassingtal\" was accepted into the circle of supporting organisations in order to support the network financially and organisationally in the future.<br \/>\nThree new businesses join the network: Bergvagabund Susanne Posegga will enrich our network in the \"Outdoor &amp; Nature Education\" sector as a mountain hiking and snowshoe guide in the Ges\u00e4use, Emma Wanderer, Julia Kaufmann will become part of our \"Gastronomy &amp; Accommodation\" businesses with the first Remote Work Campus in Austria and with Daiana Gruber from Kaufdahoam.at we get another partner in the \"Craft &amp; Trade\" sector in Admont.<br \/>\nAfter the partners' council, the group \"Silverfuchs\" entertained the guests. The band was on a hiking tour along the Lynx Trail and stopped at the Kamper Inn.<\/p>\n<\/div>\n\t\t\t\t\n\t\t\t\t\t\t\t<\/div>\n\n\t\t\t\t\t\t\t<img loading=\"lazy\" decoding=\"async\" width=\"1024\" height=\"768\" src=\"https:\/\/nationalpark-gesaeuse.at\/wp-content\/uploads\/Silverfuchs-1024x768.jpg\" class=\"image-text__image image-text__column\" alt=\"\" srcset=\"https:\/\/nationalpark-gesaeuse.at\/wp-content\/uploads\/Silverfuchs-1024x768.jpg 1024w, https:\/\/nationalpark-gesaeuse.at\/wp-content\/uploads\/Silverfuchs-1440x1080.jpg 1440w, https:\/\/nationalpark-gesaeuse.at\/wp-content\/uploads\/Silverfuchs-300x225.jpg 300w, https:\/\/nationalpark-gesaeuse.at\/wp-content\/uploads\/Silverfuchs-768x576.jpg 768w, https:\/\/nationalpark-gesaeuse.at\/wp-content\/uploads\/Silverfuchs-1536x1152.jpg 1536w, https:\/\/nationalpark-gesaeuse.at\/wp-content\/uploads\/Silverfuchs-16x12.jpg 16w, https:\/\/nationalpark-gesaeuse.at\/wp-content\/uploads\/Silverfuchs.jpg 1920w\" sizes=\"auto, (max-width: 1024px) 100vw, 1024px\" \/>\n\t\t\t\t\t<\/div>\n\t<\/section>\n\n\n<section class=\"firepress-section firepress-image-text\">\n\t\t\t<div class=\"image-text\">\n\t\t\t<div class=\"image-text__content image-text__column\">\n\t\t\t\t\t\t\t\t\t<p class=\"image-text__subtitle\">14.06.2023<\/p>\n\t\t\t\t\n\t\t\t\t\t\t\t\t\t<h3 class=\"image-text__title\">MS Self-Help Association in the National Park<\/h3>\n\t\t\t\t\n\t\t\t\t\t\t\t\t\t<div class=\"image-text__text\"><p>During a visit by the Ennstal Multiple Sclerosis Self-Help Association, both our wheelchair traction devices (Swisstracks) and the newly renovated path through the Lettmair Au proved their worth. Ranger Maria Pichler organised a nature-intensive afternoon for the association members and accompanying persons. There are several \"easy\" tours around the Weidendom adventure centre, along which access to wild nature is possible even for those with limited mobility. To the folder<\/p>\n<\/div>\n\t\t\t\t\n\t\t\t\t\t\t\t\t\t<a\n\t\t\t\t\t\tclass=\"image-text__link button button--dark\"\n\t\t\t\t\t\thref=\"https:\/\/nationalpark-gesaeuse.at\/wp-content\/uploads\/Leichte-Touren-2026-de.pdf\"\n\t\t\t\t\t\t\t\t\t\t\t>Easy tours<\/a>\n\t\t\t\t\t\t\t<\/div>\n\n\t\t\t\t\t\t\t<img loading=\"lazy\" decoding=\"async\" width=\"1024\" height=\"876\" src=\"https:\/\/nationalpark-gesaeuse.at\/wp-content\/uploads\/HW000589-Kopie-1024x876.jpg\" class=\"image-text__image image-text__column\" alt=\"\" srcset=\"https:\/\/nationalpark-gesaeuse.at\/wp-content\/uploads\/HW000589-Kopie-1024x876.jpg 1024w, https:\/\/nationalpark-gesaeuse.at\/wp-content\/uploads\/HW000589-Kopie-1262x1080.jpg 1262w, https:\/\/nationalpark-gesaeuse.at\/wp-content\/uploads\/HW000589-Kopie-300x257.jpg 300w, https:\/\/nationalpark-gesaeuse.at\/wp-content\/uploads\/HW000589-Kopie-768x657.jpg 768w, https:\/\/nationalpark-gesaeuse.at\/wp-content\/uploads\/HW000589-Kopie-1536x1314.jpg 1536w, https:\/\/nationalpark-gesaeuse.at\/wp-content\/uploads\/HW000589-Kopie-14x12.jpg 14w, https:\/\/nationalpark-gesaeuse.at\/wp-content\/uploads\/HW000589-Kopie.jpg 1920w\" sizes=\"auto, (max-width: 1024px) 100vw, 1024px\" \/>\n\t\t\t\t\t<\/div>\n\t<\/section>\n\n\n<section class=\"firepress-section firepress-image-text\">\n\t\t\t<div class=\"image-text image-text--mirrored\">\n\t\t\t<div class=\"image-text__content image-text__column\">\n\t\t\t\t\t\t\t\t\t<p class=\"image-text__subtitle\">13.06.2023<\/p>\n\t\t\t\t\n\t\t\t\t\t\t\t\t\t<h3 class=\"image-text__title\">&quot;Wandertournee Silverfuchs am Luchs Trail&quot;<\/h3>\n\t\t\t\t\n\t\t\t\t\t\t\t\t\t<div class=\"image-text__text\"><p>The Silverfuchs group takes on the challenging task of covering the 12,000 metres in altitude and 220 km with their instruments. But that's not all: there is a concert at every stop...<\/p>\n<p>Stage plan for the Silverfuchs hiking tour on the Luchstrail 2023:<\/p>\n<p><a href=\"https:\/\/silverfuchs.at\">https:\/\/silverfuchs.at<\/a><\/p>\n<\/div>\n\t\t\t\t\n\t\t\t\t\t\t\t<\/div>\n\n\t\t\t\t\t\t\t<img loading=\"lazy\" decoding=\"async\" width=\"1024\" height=\"681\" src=\"https:\/\/nationalpark-gesaeuse.at\/wp-content\/uploads\/2023_05_09_Presseinformation-Silverfuchs_johannes_gellner_3mp-1024x681.jpg\" class=\"image-text__image image-text__column\" alt=\"\" srcset=\"https:\/\/nationalpark-gesaeuse.at\/wp-content\/uploads\/2023_05_09_Presseinformation-Silverfuchs_johannes_gellner_3mp-1024x681.jpg 1024w, https:\/\/nationalpark-gesaeuse.at\/wp-content\/uploads\/2023_05_09_Presseinformation-Silverfuchs_johannes_gellner_3mp-1624x1080.jpg 1624w, https:\/\/nationalpark-gesaeuse.at\/wp-content\/uploads\/2023_05_09_Presseinformation-Silverfuchs_johannes_gellner_3mp-300x200.jpg 300w, https:\/\/nationalpark-gesaeuse.at\/wp-content\/uploads\/2023_05_09_Presseinformation-Silverfuchs_johannes_gellner_3mp-768x511.jpg 768w, https:\/\/nationalpark-gesaeuse.at\/wp-content\/uploads\/2023_05_09_Presseinformation-Silverfuchs_johannes_gellner_3mp-1536x1022.jpg 1536w, https:\/\/nationalpark-gesaeuse.at\/wp-content\/uploads\/2023_05_09_Presseinformation-Silverfuchs_johannes_gellner_3mp-scaled.jpg 2048w, https:\/\/nationalpark-gesaeuse.at\/wp-content\/uploads\/2023_05_09_Presseinformation-Silverfuchs_johannes_gellner_3mp-18x12.jpg 18w\" sizes=\"auto, (max-width: 1024px) 100vw, 1024px\" \/>\n\t\t\t\t\t<\/div>\n\t<\/section>\n\n\n<section class=\"firepress-section firepress-image-text\">\n\t\t\t<div class=\"image-text\">\n\t\t\t<div class=\"image-text__content image-text__column\">\n\t\t\t\t\t\t\t\t\t<p class=\"image-text__subtitle\">05.06.2023<\/p>\n\t\t\t\t\n\t\t\t\t\t\t\t\t\t<h3 class=\"image-text__title\">Festival of the Wild<\/h3>\n\t\t\t\t\n\t\t\t\t\t\t\t\t\t<div class=\"image-text__text\"><p>For the first time, the Festival of Wilderness took place at the House of Wilderness in Lunz am See on 3 June 2023. The Wilderness Area D\u00fcrrenstein-Lassingtal presented itself to the public and invited various nature conservation organisations as co-exhibitors. Both the Ges\u00e4use National Park and the Kalkalpen National Park were happy to accept this invitation and presented joint activities such as the \"Lynx Trail\" and the \"Transnational Park\" bike trail. The National Parks Austria photo box rounded off our joint offer.<\/p>\n<\/div>\n\t\t\t\t\n\t\t\t\t\t\t\t<\/div>\n\n\t\t\t\t\t\t\t<img loading=\"lazy\" decoding=\"async\" width=\"726\" height=\"1024\" src=\"https:\/\/nationalpark-gesaeuse.at\/wp-content\/uploads\/Fest-der-Wildnis-2023-726x1024.jpg\" class=\"image-text__image image-text__column\" alt=\"\" srcset=\"https:\/\/nationalpark-gesaeuse.at\/wp-content\/uploads\/Fest-der-Wildnis-2023-726x1024.jpg 726w, https:\/\/nationalpark-gesaeuse.at\/wp-content\/uploads\/Fest-der-Wildnis-2023-766x1080.jpg 766w, https:\/\/nationalpark-gesaeuse.at\/wp-content\/uploads\/Fest-der-Wildnis-2023-213x300.jpg 213w, https:\/\/nationalpark-gesaeuse.at\/wp-content\/uploads\/Fest-der-Wildnis-2023-768x1083.jpg 768w, https:\/\/nationalpark-gesaeuse.at\/wp-content\/uploads\/Fest-der-Wildnis-2023-1089x1536.jpg 1089w, https:\/\/nationalpark-gesaeuse.at\/wp-content\/uploads\/Fest-der-Wildnis-2023-9x12.jpg 9w, https:\/\/nationalpark-gesaeuse.at\/wp-content\/uploads\/Fest-der-Wildnis-2023.jpg 1418w\" sizes=\"auto, (max-width: 726px) 100vw, 726px\" \/>\n\t\t\t\t\t<\/div>\n\t<\/section>\n\n\n<section class=\"firepress-section firepress-image-text\">\n\t\t\t<div class=\"image-text image-text--mirrored\">\n\t\t\t<div class=\"image-text__content image-text__column\">\n\t\t\t\t\t\t\t\t\t<p class=\"image-text__subtitle\">23.05.2023<\/p>\n\t\t\t\t\n\t\t\t\t\t\t\t\t\t<h3 class=\"image-text__title\">Public transport in the Ges\u00e4use expanded!<\/h3>\n\t\t\t\t\n\t\t\t\t\t\t\t\t\t<div class=\"image-text__text\"><p>There is good news to report about buses, trains and shared taxis.<br \/>\nBetween May and November, the RegioBus lines 910 and 912 between Admont and Altenmarkt run at a higher frequency, the rail connections from Vienna have been adapted to the needs of mountaineers from Friday to Sunday and the Ges\u00e4use shared taxi has been secured again for this year.<br \/>\nExcellent! Steps in the right direction, we think!<\/p>\n<\/div>\n\t\t\t\t\n\t\t\t\t\t\t\t<\/div>\n\n\t\t\t\t\t\t\t<img loading=\"lazy\" decoding=\"async\" width=\"1024\" height=\"768\" src=\"https:\/\/nationalpark-gesaeuse.at\/wp-content\/uploads\/Bus-3-1024x768.jpg\" class=\"image-text__image image-text__column\" alt=\"\" srcset=\"https:\/\/nationalpark-gesaeuse.at\/wp-content\/uploads\/Bus-3-1024x768.jpg 1024w, https:\/\/nationalpark-gesaeuse.at\/wp-content\/uploads\/Bus-3-1440x1080.jpg 1440w, https:\/\/nationalpark-gesaeuse.at\/wp-content\/uploads\/Bus-3-300x225.jpg 300w, https:\/\/nationalpark-gesaeuse.at\/wp-content\/uploads\/Bus-3-768x576.jpg 768w, https:\/\/nationalpark-gesaeuse.at\/wp-content\/uploads\/Bus-3-16x12.jpg 16w, https:\/\/nationalpark-gesaeuse.at\/wp-content\/uploads\/Bus-3.jpg 1500w\" sizes=\"auto, (max-width: 1024px) 100vw, 1024px\" \/>\n\t\t\t\t\t<\/div>\n\t<\/section>\n\n\n<section class=\"firepress-section firepress-image-text\">\n\t\t\t<div class=\"image-text\">\n\t\t\t<div class=\"image-text__content image-text__column\">\n\t\t\t\t\t\t\t\t\t<p class=\"image-text__subtitle\">17.05.2023<\/p>\n\t\t\t\t\n\t\t\t\t\t\t\t\t\t<h3 class=\"image-text__title\">Hospice association on a visit<\/h3>\n\t\t\t\t\n\t\t\t\t\t\t\t\t\t<div class=\"image-text__text\"><p>At the invitation and in the company of Ursula Lackner, Provincial Councillor for Nature Conservation, 12 volunteers from a total of 6 regional teams of the Styrian Hospice Association visited the National Park. The excursion was a small thank you from the provincial government for the sacrificial work in the hospice association.<\/p>\n<\/div>\n\t\t\t\t\n\t\t\t\t\t\t\t<\/div>\n\n\t\t\t\t\t\t\t<img loading=\"lazy\" decoding=\"async\" width=\"999\" height=\"1024\" src=\"https:\/\/nationalpark-gesaeuse.at\/wp-content\/uploads\/HW000131-999x1024.jpg\" class=\"image-text__image image-text__column\" alt=\"Das Team des Hospizvereins vor dem Weidendom\" srcset=\"https:\/\/nationalpark-gesaeuse.at\/wp-content\/uploads\/HW000131-999x1024.jpg 999w, https:\/\/nationalpark-gesaeuse.at\/wp-content\/uploads\/HW000131-1054x1080.jpg 1054w, https:\/\/nationalpark-gesaeuse.at\/wp-content\/uploads\/HW000131-293x300.jpg 293w, https:\/\/nationalpark-gesaeuse.at\/wp-content\/uploads\/HW000131-768x787.jpg 768w, https:\/\/nationalpark-gesaeuse.at\/wp-content\/uploads\/HW000131-12x12.jpg 12w, https:\/\/nationalpark-gesaeuse.at\/wp-content\/uploads\/HW000131.jpg 1500w\" sizes=\"auto, (max-width: 999px) 100vw, 999px\" \/>\n\t\t\t\t\t<\/div>\n\t<\/section>\n\n\n<section class=\"firepress-section firepress-image-text\">\n\t\t\t<div class=\"image-text image-text--mirrored\">\n\t\t\t<div class=\"image-text__content image-text__column\">\n\t\t\t\t\t\t\t\t\t<p class=\"image-text__subtitle\">11.05.2023<\/p>\n\t\t\t\t\n\t\t\t\t\t\t\t\t\t<h3 class=\"image-text__title\">Boat taxi on the Salza<\/h3>\n\t\t\t\t\n\t\t\t\t\t\t\t\t\t<div class=\"image-text__text\"><p>The Salza is Austria's white-water paradise. White water rafting is a one-way affair, so getting to the start or back to the starting point is a bit of a logistical challenge. In 2023 there will again be a \"boat taxi\" on the Salza.<br \/>\n <a href=\"https:\/\/salzaline.at\/bootstaxi\/\" rel=\"noopener\" target=\"_blank\">To the website:<\/a> <\/p>\n<p><strong>Erratum<\/strong>In the current \"Im Gseis\", the print magazine of the Ges\u00e4use National Park, it is reported on page 53 that the boat taxi has been discontinued due to lack of funding. This is not the case! After the magazine went to press, the necessary funds were raised. Too late to correct the article, but early enough for the start of the season on the Salza.<\/p>\n<\/div>\n\t\t\t\t\n\t\t\t\t\t\t\t<\/div>\n\n\t\t\t\t\t\t\t<img loading=\"lazy\" decoding=\"async\" width=\"1024\" height=\"768\" src=\"https:\/\/nationalpark-gesaeuse.at\/wp-content\/uploads\/Bootstaxi-1024x768.jpg\" class=\"image-text__image image-text__column\" alt=\"\" srcset=\"https:\/\/nationalpark-gesaeuse.at\/wp-content\/uploads\/Bootstaxi-1024x768.jpg 1024w, https:\/\/nationalpark-gesaeuse.at\/wp-content\/uploads\/Bootstaxi-1440x1080.jpg 1440w, https:\/\/nationalpark-gesaeuse.at\/wp-content\/uploads\/Bootstaxi-300x225.jpg 300w, https:\/\/nationalpark-gesaeuse.at\/wp-content\/uploads\/Bootstaxi-768x576.jpg 768w, https:\/\/nationalpark-gesaeuse.at\/wp-content\/uploads\/Bootstaxi-1536x1152.jpg 1536w, https:\/\/nationalpark-gesaeuse.at\/wp-content\/uploads\/Bootstaxi-16x12.jpg 16w, https:\/\/nationalpark-gesaeuse.at\/wp-content\/uploads\/Bootstaxi.jpg 1920w\" sizes=\"auto, (max-width: 1024px) 100vw, 1024px\" \/>\n\t\t\t\t\t<\/div>\n\t<\/section>\n\n\n<section class=\"firepress-section firepress-image-text\">\n\t\t\t<div class=\"image-text\">\n\t\t\t<div class=\"image-text__content image-text__column\">\n\t\t\t\t\t\t\t\t\t<p class=\"image-text__subtitle\">09.05.2023<\/p>\n\t\t\t\t\n\t\t\t\t\t\t\t\t\t<h3 class=\"image-text__title\">Treasures of the Alpine Flora<\/h3>\n\t\t\t\t\n\t\t\t\t\t\t\t\t\t<div class=\"image-text__text\"><p>At the beginning of May, the exhibition \"Treasures of Alpine Flora\" opened in the gallery \"Alte S\u00e4gehalle Gstatterboden\". The show features the works of the renowned collection photographers Sebastian K\u00f6pcke and Volker Weinhold from Berlin, who have taken up the challenge of documenting the historical herbarium collections of Admont Monastery using modern photographic techniques. The plant specimens of Admont Monastery, some of which are more than 150 years old, go back for the most part to the collecting activities of Father Gabriel Strobl and include a large number of plant species from the region. They are an important resource for scientists and nature lovers alike.<\/p>\n<p>The exhibition can be seen from 1 May to 31 October 2023 in the gallery \"Alte S\u00e4gehalle\" in Gstatterboden. Admission is free.<\/p>\n<\/div>\n\t\t\t\t\n\t\t\t\t\t\t\t<\/div>\n\n\t\t\t\t\t\t\t<img loading=\"lazy\" decoding=\"async\" width=\"1024\" height=\"768\" src=\"https:\/\/nationalpark-gesaeuse.at\/wp-content\/uploads\/HW000139-1024x768.jpg\" class=\"image-text__image image-text__column\" alt=\"\" srcset=\"https:\/\/nationalpark-gesaeuse.at\/wp-content\/uploads\/HW000139-1024x768.jpg 1024w, https:\/\/nationalpark-gesaeuse.at\/wp-content\/uploads\/HW000139-1440x1080.jpg 1440w, https:\/\/nationalpark-gesaeuse.at\/wp-content\/uploads\/HW000139-300x225.jpg 300w, https:\/\/nationalpark-gesaeuse.at\/wp-content\/uploads\/HW000139-768x576.jpg 768w, https:\/\/nationalpark-gesaeuse.at\/wp-content\/uploads\/HW000139-1536x1152.jpg 1536w, https:\/\/nationalpark-gesaeuse.at\/wp-content\/uploads\/HW000139-16x12.jpg 16w, https:\/\/nationalpark-gesaeuse.at\/wp-content\/uploads\/HW000139.jpg 1920w\" sizes=\"auto, (max-width: 1024px) 100vw, 1024px\" \/>\n\t\t\t\t\t<\/div>\n\t<\/section>\n\n\n<section class=\"firepress-section firepress-downloads firepress-section--band\">\n\t\t\t<div class=\"downloads\">\n\t\t\t<div class=\"downloads__title-container\">\n\t\t\t\t\t\t\t\t\t<h2 class=\"downloads__title\">Timetable Boat Taxi 2023<\/h2>\n\t\t\t\t\t\t\t<\/div>\n\n\t\t\t<div class=\"downloads__files\">\n\t\t\t\t\t\t\t\t\t\t<div class=\"download\">\n\t\t\t\t<p class=\"download__title\">Timetable Boat Taxi 2023<\/p>\n\n\t\t<div class=\"download__info\">\n\t\t\t\t\t\t\t<p class=\"download__filesize\">117.8 KB<\/p>\n\t\t\t\n\t\t\t<a class=\"download__link\" href=\"https:\/\/nationalpark-gesaeuse.at\/wp-content\/uploads\/20230508_fahrplan_bootstaxi_salza.pdf\" download>\n\t\t\t\t<i class=\"fal fa-download fa-lg\" aria-hidden=\"true\"><\/i>\n\t\t\t\t<span class=\"screen-reader-text\">\n\t\t\t\t\tHerunterladen\n\t\t\t\t<\/span>\n\t\t\t<\/a>\n\t\t<\/div>\n\t<\/div>\n\n\t\t\t\t\t\t\t<\/div>\n\t\t<\/div>\n\t<\/section>\n\n\n<section class=\"firepress-section firepress-image-text\">\n\t\t\t<div class=\"image-text image-text--mirrored\">\n\t\t\t<div class=\"image-text__content image-text__column\">\n\t\t\t\t\t\t\t\t\t<p class=\"image-text__subtitle\">20. 04. 2023<\/p>\n\t\t\t\t\n\t\t\t\t\t\t\t\t\t<h3 class=\"image-text__title\">IN THE GSEIS<\/h3>\n\t\t\t\t\n\t\t\t\t\t\t\t\t\t<div class=\"image-text__text\"><p>The output <strong>Summer 2023<\/strong> of the National Park Magazine \"Im Gseis\" has just been published.<\/p>\n<p>It will be available free of charge from mid-May at the information office in Admont and at the information stands of our Ges\u00e4use partners.<\/p>\n<p><a href=\"https:\/\/nationalpark-gesaeuse.at\/en\/service\/downloads\/\" rel=\"noopener\" target=\"_blank\">To the PDF:<\/a><\/p>\n<p>You can also subscribe to our magazine free of charge. By mail or letter with your name and address:<\/p>\n<p>Karin Lattacher, Ges\u00e4use National Park GmbH, 8913 Weng im Ges\u00e4use 2<br \/>\nk.lattacher@nationalpark-gesaeuse.at<\/p>\n<p>\ud83d\udcf7: Leander Khil<\/p>\n<\/div>\n\t\t\t\t\n\t\t\t\t\t\t\t<\/div>\n\n\t\t\t\t\t\t\t<img loading=\"lazy\" decoding=\"async\" width=\"724\" height=\"1024\" src=\"https:\/\/nationalpark-gesaeuse.at\/wp-content\/uploads\/Im_Gseis_40-1-724x1024.jpg\" class=\"image-text__image image-text__column\" alt=\"\" srcset=\"https:\/\/nationalpark-gesaeuse.at\/wp-content\/uploads\/Im_Gseis_40-1-724x1024.jpg 724w, https:\/\/nationalpark-gesaeuse.at\/wp-content\/uploads\/Im_Gseis_40-1-764x1080.jpg 764w, https:\/\/nationalpark-gesaeuse.at\/wp-content\/uploads\/Im_Gseis_40-1-212x300.jpg 212w, https:\/\/nationalpark-gesaeuse.at\/wp-content\/uploads\/Im_Gseis_40-1-768x1086.jpg 768w, https:\/\/nationalpark-gesaeuse.at\/wp-content\/uploads\/Im_Gseis_40-1-1086x1536.jpg 1086w, https:\/\/nationalpark-gesaeuse.at\/wp-content\/uploads\/Im_Gseis_40-1-8x12.jpg 8w, https:\/\/nationalpark-gesaeuse.at\/wp-content\/uploads\/Im_Gseis_40-1.jpg 1414w\" sizes=\"auto, (max-width: 724px) 100vw, 724px\" \/>\n\t\t\t\t\t<\/div>\n\t<\/section>\n\n\n<section class=\"firepress-section firepress-image-text\">\n\t\t\t<div class=\"image-text\">\n\t\t\t<div class=\"image-text__content image-text__column\">\n\t\t\t\t\t\t\t\t\t<p class=\"image-text__subtitle\">Ges\u00e4use Partner Excursion 2023<\/p>\n\t\t\t\t\n\t\t\t\t\t\t\t\t\t<h3 class=\"image-text__title\">Mine meets wine<\/h3>\n\t\t\t\t\n\t\t\t\t\t\t\t\t\t<div class=\"image-text__text\"><p>Organised this year by the Steirische Eisenwurzen Nature and Geopark, 30 Ges\u00e4use partners were able to take away impressions of southern Austria on the annual excursion. As usual, the excursion started after Easter and was organised in the tried and tested manner by coach operator Toni Wagner, with breakfast provided by the Planitzer family. Thank you for that. The aim of the excursion was to get to know other rural regions and their predicates in terms of sustainable regional development. Thus, the first 1.5 days were spent in the UNESCO Global Geopark Karawanken\/Karavanke in Carinthia and Slovenia. Impressions of regional mining history in Slovenia, tourist infrastructure projects at the Petzen ski resort in Bleiburg as well as regional brewery impressions could be taken away. The remaining days were spent in the South Styrian Nature Park around Leibnitz. Projects of the nature park were presented in the nature park centre in Grottenhof and the second evening was spent in the wine museum with tasting in Kitzeck. The various activities concerning the revitalisation of the town centre of Gamlitz on the last day of the excursion were also exciting. Of course, Southern Styria also stands for culinary delights and wine - so there was a cosy exchange with organic wine grower Otto Knaus, as a speciality partner of the local nature park. Due to the weather, the programme had to be flexible, but the regional culinary delights were certainly not neglected. The Styrian Eisenwurzen Nature and Geopark would like to take this opportunity to thank its partners for their interest and cooperation with the Ges\u00e4use Tourist Board and the Ges\u00e4use National Park.<br \/>\nText and pictures: Oliver Gulas-W\u00f6hri<\/p>\n<\/div>\n\t\t\t\t\n\t\t\t\t\t\t\t<\/div>\n\n\t\t\t\t\t\t\t<img loading=\"lazy\" decoding=\"async\" width=\"1024\" height=\"768\" src=\"https:\/\/nationalpark-gesaeuse.at\/wp-content\/uploads\/Besucherzentrum-Petzen-1024x768.jpg\" class=\"image-text__image image-text__column\" alt=\"\" srcset=\"https:\/\/nationalpark-gesaeuse.at\/wp-content\/uploads\/Besucherzentrum-Petzen-1024x768.jpg 1024w, https:\/\/nationalpark-gesaeuse.at\/wp-content\/uploads\/Besucherzentrum-Petzen-1440x1080.jpg 1440w, https:\/\/nationalpark-gesaeuse.at\/wp-content\/uploads\/Besucherzentrum-Petzen-300x225.jpg 300w, https:\/\/nationalpark-gesaeuse.at\/wp-content\/uploads\/Besucherzentrum-Petzen-768x576.jpg 768w, https:\/\/nationalpark-gesaeuse.at\/wp-content\/uploads\/Besucherzentrum-Petzen-1536x1152.jpg 1536w, https:\/\/nationalpark-gesaeuse.at\/wp-content\/uploads\/Besucherzentrum-Petzen-16x12.jpg 16w, https:\/\/nationalpark-gesaeuse.at\/wp-content\/uploads\/Besucherzentrum-Petzen.jpg 2016w\" sizes=\"auto, (max-width: 1024px) 100vw, 1024px\" \/>\n\t\t\t\t\t<\/div>\n\t<\/section>\n\n\n<section class=\"firepress-section firepress-image-text\">\n\t\t\t<div class=\"image-text image-text--mirrored\">\n\t\t\t<div class=\"image-text__content image-text__column\">\n\t\t\t\t\t\t\t\t\t<p class=\"image-text__subtitle\">20.03.2023<\/p>\n\t\t\t\t\n\t\t\t\t\t\t\t\t\t<h3 class=\"image-text__title\">Great interest at the National Park Forum 2023<\/h3>\n\t\t\t\t\n\t\t\t\t\t\t\t\t\t<div class=\"image-text__text\"><p>Austria's first golden eagle breeding was the topic at the National Park Forum 2023. Magdalena Kaltenbrunner and Alexander Maringer presented the results of National Park research on the \"kings of the air\" in the Ges\u00e4use. It is very pleasing to note that a stable population of these birds with regular breeding successes has been recorded in the Ges\u00e4use National Park for years. The report on the equipping of three birds with GPS transmitters was certainly one of the highlights of the evening. National Park Director Herbert W\u00f6lger also reported on news from all departments.<\/p>\n<\/div>\n\t\t\t\t\n\t\t\t\t\t\t\t<\/div>\n\n\t\t\t\t\t\t\t<img loading=\"lazy\" decoding=\"async\" width=\"1024\" height=\"768\" src=\"https:\/\/nationalpark-gesaeuse.at\/wp-content\/uploads\/HW006599-Kopie-1024x768.jpg\" class=\"image-text__image image-text__column\" alt=\"\" srcset=\"https:\/\/nationalpark-gesaeuse.at\/wp-content\/uploads\/HW006599-Kopie-1024x768.jpg 1024w, https:\/\/nationalpark-gesaeuse.at\/wp-content\/uploads\/HW006599-Kopie-1440x1080.jpg 1440w, https:\/\/nationalpark-gesaeuse.at\/wp-content\/uploads\/HW006599-Kopie-300x225.jpg 300w, https:\/\/nationalpark-gesaeuse.at\/wp-content\/uploads\/HW006599-Kopie-768x576.jpg 768w, https:\/\/nationalpark-gesaeuse.at\/wp-content\/uploads\/HW006599-Kopie-1536x1152.jpg 1536w, https:\/\/nationalpark-gesaeuse.at\/wp-content\/uploads\/HW006599-Kopie-16x12.jpg 16w, https:\/\/nationalpark-gesaeuse.at\/wp-content\/uploads\/HW006599-Kopie.jpg 1920w\" sizes=\"auto, (max-width: 1024px) 100vw, 1024px\" \/>\n\t\t\t\t\t<\/div>\n\t<\/section>\n\n\n<section class=\"firepress-section firepress-image-text\">\n\t\t\t<div class=\"image-text\">\n\t\t\t<div class=\"image-text__content image-text__column\">\n\t\t\t\t\t\t\t\t\t<p class=\"image-text__subtitle\">07.03.2023<\/p>\n\t\t\t\t\n\t\t\t\t\t\t\t\t\t<h3 class=\"image-text__title\">The 2023\/24 event programme is here!<\/h3>\n\t\t\t\t\n\t\t\t\t\t\t\t\t\t<div class=\"image-text__text\"><p>The current visitor programme starts the season with a variety of different events. From guided tours to special animal and plant species to an extensive holiday programme in summer, there should be something for everyone.<br \/>\nThe programme of events complements the comprehensive offers of the National Park Photo School, which also extend throughout the year.<br \/>\nTo use the words of the legendary Karl Farkas: Take a look!<\/p>\n<\/div>\n\t\t\t\t\n\t\t\t\t\t\t\t<\/div>\n\n\t\t\t\t\t\t\t<img loading=\"lazy\" decoding=\"async\" width=\"986\" height=\"1024\" src=\"https:\/\/nationalpark-gesaeuse.at\/wp-content\/uploads\/Veranstaltungsprogramm-2023-2024-2-986x1024.jpg\" class=\"image-text__image image-text__column\" alt=\"\" srcset=\"https:\/\/nationalpark-gesaeuse.at\/wp-content\/uploads\/Veranstaltungsprogramm-2023-2024-2-986x1024.jpg 986w, https:\/\/nationalpark-gesaeuse.at\/wp-content\/uploads\/Veranstaltungsprogramm-2023-2024-2-1040x1080.jpg 1040w, https:\/\/nationalpark-gesaeuse.at\/wp-content\/uploads\/Veranstaltungsprogramm-2023-2024-2-289x300.jpg 289w, https:\/\/nationalpark-gesaeuse.at\/wp-content\/uploads\/Veranstaltungsprogramm-2023-2024-2-768x798.jpg 768w, https:\/\/nationalpark-gesaeuse.at\/wp-content\/uploads\/Veranstaltungsprogramm-2023-2024-2-1479x1536.jpg 1479w, https:\/\/nationalpark-gesaeuse.at\/wp-content\/uploads\/Veranstaltungsprogramm-2023-2024-2-12x12.jpg 12w, https:\/\/nationalpark-gesaeuse.at\/wp-content\/uploads\/Veranstaltungsprogramm-2023-2024-2.jpg 1920w\" sizes=\"auto, (max-width: 986px) 100vw, 986px\" \/>\n\t\t\t\t\t<\/div>\n\t<\/section>\n\n\n<section class=\"firepress-section firepress-downloads firepress-section--band\">\n\t\t\t<div class=\"downloads\">\n\t\t\t<div class=\"downloads__title-container\">\n\t\t\t\t\t\t\t\t\t<h2 class=\"downloads__title\">Visitor offers<\/h2>\n\t\t\t\t\t\t\t<\/div>\n\n\t\t\t<div class=\"downloads__files\">\n\t\t\t\t\t\t\t\t\t\t<div class=\"download\">\n\t\t\t\t<p class=\"download__title\">Veranstaltungsprogramm 2026\/20\u2026<\/p>\n\n\t\t<div class=\"download__info\">\n\t\t\t\t\t\t\t<p class=\"download__filesize\">3.3 MB<\/p>\n\t\t\t\n\t\t\t<a class=\"download__link\" href=\"https:\/\/nationalpark-gesaeuse.at\/wp-content\/uploads\/vap_folder2025_korr_web-klein.pdf\" download>\n\t\t\t\t<i class=\"fal fa-download fa-lg\" aria-hidden=\"true\"><\/i>\n\t\t\t\t<span class=\"screen-reader-text\">\n\t\t\t\t\tHerunterladen\n\t\t\t\t<\/span>\n\t\t\t<\/a>\n\t\t<\/div>\n\t<\/div>\n\n\t\t\t\t\t\t\t\t\t\t<div class=\"download\">\n\t\t\t\t<p class=\"download__title\">Photo School Programme 2023<\/p>\n\n\t\t<div class=\"download__info\">\n\t\t\t\t\t\t\t<p class=\"download__filesize\">12.7 MB<\/p>\n\t\t\t\n\t\t\t<a class=\"download__link\" href=\"https:\/\/nationalpark-gesaeuse.at\/wp-content\/uploads\/fotoschule_kursprogramm2023_web.pdf\" download>\n\t\t\t\t<i class=\"fal fa-download fa-lg\" aria-hidden=\"true\"><\/i>\n\t\t\t\t<span class=\"screen-reader-text\">\n\t\t\t\t\tHerunterladen\n\t\t\t\t<\/span>\n\t\t\t<\/a>\n\t\t<\/div>\n\t<\/div>\n\n\t\t\t\t\t\t\t<\/div>\n\t\t<\/div>\n\t<\/section>\n\n\n<section class=\"firepress-section firepress-image-text\">\n\t\t\t<div class=\"image-text image-text--mirrored\">\n\t\t\t<div class=\"image-text__content image-text__column\">\n\t\t\t\t\t\t\t\t\t<p class=\"image-text__subtitle\">23.01.2023<\/p>\n\t\t\t\t\n\t\t\t\t\t\t\t\t\t<h3 class=\"image-text__title\">Danilo Re Memorial 2023<\/h3>\n\t\t\t\t\n\t\t\t\t\t\t\t\t\t<div class=\"image-text__text\"><p>From 19 to 22 January 2023, the traditional \"Danilo Re Memorial\" took place, a competition in which rangers from all over the Alpine region compete in four disciplines. This year, our teams went to Cogne in the Grand Paradiso National Park in Italy. Besides the Alpine Buffet, where specialities from all Alpine countries were tasted, and the ranger seminars, where we learned about the challenges other Alpine protected areas have to deal with, the sporting competition was at the centre of the event. Representatives from many Alpine protected areas competed against each other in ski mountaineering, slalom, cross-country skiing and shooting. Unfortunately, we did not win any trophies this year, but we had many interesting encounters with colleagues from Italy, Switzerland, Germany, Slovenia and France. The annual event is co-organised by Alparc, the Alpine Network of Protected Areas, and took place for the 27th time. The \"Danilo Re Memorial 2024\" will take place in the Kalkalpen National Park.<\/p>\n<\/div>\n\t\t\t\t\n\t\t\t\t\t\t\t<\/div>\n\n\t\t\t\t\t\t\t<img loading=\"lazy\" decoding=\"async\" width=\"1024\" height=\"683\" src=\"https:\/\/nationalpark-gesaeuse.at\/wp-content\/uploads\/Danilo-Re-1024x683.jpg\" class=\"image-text__image image-text__column\" alt=\"\" srcset=\"https:\/\/nationalpark-gesaeuse.at\/wp-content\/uploads\/Danilo-Re-1024x683.jpg 1024w, https:\/\/nationalpark-gesaeuse.at\/wp-content\/uploads\/Danilo-Re-300x200.jpg 300w, https:\/\/nationalpark-gesaeuse.at\/wp-content\/uploads\/Danilo-Re-768x512.jpg 768w, https:\/\/nationalpark-gesaeuse.at\/wp-content\/uploads\/Danilo-Re-18x12.jpg 18w, https:\/\/nationalpark-gesaeuse.at\/wp-content\/uploads\/Danilo-Re.jpg 1440w\" sizes=\"auto, (max-width: 1024px) 100vw, 1024px\" \/>\n\t\t\t\t\t<\/div>\n\t<\/section>\n\n\n<section class=\"firepress-section firepress-image-text\">\n\t\t\t<div class=\"image-text\">\n\t\t\t<div class=\"image-text__content image-text__column\">\n\t\t\t\t\t\t\t\t\t<p class=\"image-text__subtitle\">21.11.2022<\/p>\n\t\t\t\t\n\t\t\t\t\t\t\t\t\t<h3 class=\"image-text__title\">The network of Ges\u00e4use partners is growing<\/h3>\n\t\t\t\t\n\t\t\t\t\t\t\t\t\t<div class=\"image-text__text\"><p>The tourism structure reform also made the Ges\u00e4use tourism association larger. Since January, Gaishorn, Rottenmann, Lassing and the district capital Liezen have also been part of the Ges\u00e4use tourism association. This has also increased the \"radius of action\" of the Ges\u00e4use partners. Now three new, innovative businesses enrich the network: Thomas Aigner with the Golf &amp; Landclub Ennstal, Michaela Jauk with the Genusskammerl in Liezen and Kathrin Stock &amp; Thomas Nebl with the B&amp;B Xeis NeSt in Weng.<\/p>\n<\/div>\n\t\t\t\t\n\t\t\t\t\t\t\t<\/div>\n\n\t\t\t\t\t\t\t<img loading=\"lazy\" decoding=\"async\" width=\"1024\" height=\"683\" src=\"https:\/\/nationalpark-gesaeuse.at\/wp-content\/uploads\/2022_12_05_Jahresabschluss_c-Thomas-Sattler-10-1024x683.jpg\" class=\"image-text__image image-text__column\" alt=\"\" srcset=\"https:\/\/nationalpark-gesaeuse.at\/wp-content\/uploads\/2022_12_05_Jahresabschluss_c-Thomas-Sattler-10-1024x683.jpg 1024w, https:\/\/nationalpark-gesaeuse.at\/wp-content\/uploads\/2022_12_05_Jahresabschluss_c-Thomas-Sattler-10-1620x1080.jpg 1620w, https:\/\/nationalpark-gesaeuse.at\/wp-content\/uploads\/2022_12_05_Jahresabschluss_c-Thomas-Sattler-10-300x200.jpg 300w, https:\/\/nationalpark-gesaeuse.at\/wp-content\/uploads\/2022_12_05_Jahresabschluss_c-Thomas-Sattler-10-768x512.jpg 768w, https:\/\/nationalpark-gesaeuse.at\/wp-content\/uploads\/2022_12_05_Jahresabschluss_c-Thomas-Sattler-10-1536x1024.jpg 1536w, https:\/\/nationalpark-gesaeuse.at\/wp-content\/uploads\/2022_12_05_Jahresabschluss_c-Thomas-Sattler-10-scaled.jpg 2048w, https:\/\/nationalpark-gesaeuse.at\/wp-content\/uploads\/2022_12_05_Jahresabschluss_c-Thomas-Sattler-10-18x12.jpg 18w\" sizes=\"auto, (max-width: 1024px) 100vw, 1024px\" \/>\n\t\t\t\t\t<\/div>\n\t<\/section>\n\n\n<section class=\"firepress-section firepress-image-text\">\n\t\t\t<div class=\"image-text image-text--mirrored\">\n\t\t\t<div class=\"image-text__content image-text__column\">\n\t\t\t\t\t\t\t\t\t<p class=\"image-text__subtitle\">14.11.2022<\/p>\n\t\t\t\t\n\t\t\t\t\t\t\t\t\t<h3 class=\"image-text__title\">Knowledge for the Vjosa<\/h3>\n\t\t\t\t\n\t\t\t\t\t\t\t\t\t<div class=\"image-text__text\"><p>The Vjosa is considered Europe's last wild river. The river rises in Greece and flows for 272 km through Albania until it flows into the Adriatic Sea.<br \/>\nAn Albanian delegation consisting of the responsible ministry, local actors and NGOs has now visited several Austrian national parks to find out what it would be like if the Vjosa were to be declared a national park. Time is pressing, as only a few months are available to submit a nomination as an international protected area.<br \/>\nThe Ges\u00e4use National Park was not only able to impress the group with the autumnal natural spectacle, but also provide tangible tips for future management. Things that go easily here after 20 years are still dreams of the future for the Vjosa. We keep up the exchange and wish our Albanian colleagues much success in protecting their equally magnificent nature!<\/p>\n<\/div>\n\t\t\t\t\n\t\t\t\t\t\t\t<\/div>\n\n\t\t\t\t\t\t\t<img loading=\"lazy\" decoding=\"async\" width=\"1024\" height=\"683\" src=\"https:\/\/nationalpark-gesaeuse.at\/wp-content\/uploads\/2023_08_21_Vjosa-Fluss-1024x683.jpg\" class=\"image-text__image image-text__column\" alt=\"Image: 2023_08_21_Vjosa River\" srcset=\"https:\/\/nationalpark-gesaeuse.at\/wp-content\/uploads\/2023_08_21_Vjosa-Fluss-1024x683.jpg 1024w, https:\/\/nationalpark-gesaeuse.at\/wp-content\/uploads\/2023_08_21_Vjosa-Fluss-1620x1080.jpg 1620w, https:\/\/nationalpark-gesaeuse.at\/wp-content\/uploads\/2023_08_21_Vjosa-Fluss-300x200.jpg 300w, https:\/\/nationalpark-gesaeuse.at\/wp-content\/uploads\/2023_08_21_Vjosa-Fluss-768x512.jpg 768w, https:\/\/nationalpark-gesaeuse.at\/wp-content\/uploads\/2023_08_21_Vjosa-Fluss-1536x1024.jpg 1536w, https:\/\/nationalpark-gesaeuse.at\/wp-content\/uploads\/2023_08_21_Vjosa-Fluss-scaled.jpg 2048w, https:\/\/nationalpark-gesaeuse.at\/wp-content\/uploads\/2023_08_21_Vjosa-Fluss-18x12.jpg 18w\" sizes=\"auto, (max-width: 1024px) 100vw, 1024px\" \/>\n\t\t\t\t\t<\/div>\n\t<\/section>\n\n\n<section class=\"firepress-section firepress-image-text\">\n\t\t\t<div class=\"image-text\">\n\t\t\t<div class=\"image-text__content image-text__column\">\n\t\t\t\t\t\t\t\t\t<p class=\"image-text__subtitle\">20.10.2022<\/p>\n\t\t\t\t\n\t\t\t\t\t\t\t\t\t<h3 class=\"image-text__title\">In the ice<\/h3>\n\t\t\t\t\n\t\t\t\t\t\t\t\t\t<div class=\"image-text__text\"><p>The Winter 2022 issue of the National Park Magazine \"Im Gseis\" has just been published. It is our anniversary issue - 20 years of the Ges\u00e4use National Park.<\/p>\n<p>The special thing about it: this time there are no photos. All articles were illustrated with drawings, sketches and paintings. Pupils from the Ortwein School in Graz were mainly responsible for this.<\/p>\n<p>The magazine is available free of charge at the information office in Admont and at the information stands of our Ges\u00e4use partners.<\/p>\n<p>To PDF: https:\/\/nationalpark-gesaeuse.at\/service\/downloads\/<\/p>\n<p>You can also subscribe to our magazine free of charge. By mail or letter with your name and address:<\/p>\n<p>Karin Lattacher, Ges\u00e4use National Park GmbH, 8913 Weng im Ges\u00e4use 2<br \/>\n<a href=\"mailto:k.lattacher@nationalpark-gesaeuse.at\">k.lattacher@nationalpark-gesaeuse.at<\/a><\/p>\n<p>\ud83d\udcf7: Leo Murko<\/p>\n<\/div>\n\t\t\t\t\n\t\t\t\t\t\t\t<\/div>\n\n\t\t\t\t\t\t\t<img loading=\"lazy\" decoding=\"async\" width=\"724\" height=\"1024\" src=\"https:\/\/nationalpark-gesaeuse.at\/wp-content\/uploads\/ImGseis39-Winter2022_Web-1neu-724x1024.jpg\" class=\"image-text__image image-text__column\" alt=\"Im Gseis 39 - Winter 2022\" srcset=\"https:\/\/nationalpark-gesaeuse.at\/wp-content\/uploads\/ImGseis39-Winter2022_Web-1neu-724x1024.jpg 724w, https:\/\/nationalpark-gesaeuse.at\/wp-content\/uploads\/ImGseis39-Winter2022_Web-1neu-212x300.jpg 212w, https:\/\/nationalpark-gesaeuse.at\/wp-content\/uploads\/ImGseis39-Winter2022_Web-1neu-768x1087.jpg 768w, https:\/\/nationalpark-gesaeuse.at\/wp-content\/uploads\/ImGseis39-Winter2022_Web-1neu-8x12.jpg 8w, https:\/\/nationalpark-gesaeuse.at\/wp-content\/uploads\/ImGseis39-Winter2022_Web-1neu-763x1080.jpg 763w, https:\/\/nationalpark-gesaeuse.at\/wp-content\/uploads\/ImGseis39-Winter2022_Web-1neu.jpg 848w\" sizes=\"auto, (max-width: 724px) 100vw, 724px\" \/>\n\t\t\t\t\t<\/div>\n\t<\/section>\n\n\n<section class=\"firepress-section firepress-image-text\">\n\t\t\t<div class=\"image-text image-text--mirrored\">\n\t\t\t<div class=\"image-text__content image-text__column\">\n\t\t\t\t\t\t\t\t\t<p class=\"image-text__subtitle\">17.10.2022<\/p>\n\t\t\t\t\n\t\t\t\t\t\t\t\t\t<h3 class=\"image-text__title\">Lettmair Au<\/h3>\n\t\t\t\t\n\t\t\t\t\t\t\t\t\t<div class=\"image-text__text\"><p>As reported, our path system in the Lettmair Au was largely destroyed by a storm. The first stage of restoration is now done. We like giant trees better when they are standing, but when the storm tosses them, that is to be accepted as part of the natural dynamic. The forestry team of Steierm\u00e4rkische Landesforste has blazed a trail through the wilderness of windthrow, has proceeded very sensitively and has done a quite outstanding job. Great thanks are due to Peter Thaler and Martin Fluch. The path was cleared with the least possible interference in the natural development. Until the reopening, the path surface has to be redone, the jetty still repaired and, above all, a replacement for the \"talking beech\" has to be created.<\/p>\n<\/div>\n\t\t\t\t\n\t\t\t\t\t\t\t<\/div>\n\n\t\t\t\t\t\t\t<img loading=\"lazy\" decoding=\"async\" width=\"810\" height=\"540\" src=\"https:\/\/nationalpark-gesaeuse.at\/wp-content\/uploads\/LettmairAu_Newsmeldung.jpg\" class=\"image-text__image image-text__column\" alt=\"\" srcset=\"https:\/\/nationalpark-gesaeuse.at\/wp-content\/uploads\/LettmairAu_Newsmeldung.jpg 810w, https:\/\/nationalpark-gesaeuse.at\/wp-content\/uploads\/LettmairAu_Newsmeldung-300x200.jpg 300w, https:\/\/nationalpark-gesaeuse.at\/wp-content\/uploads\/LettmairAu_Newsmeldung-768x512.jpg 768w, https:\/\/nationalpark-gesaeuse.at\/wp-content\/uploads\/LettmairAu_Newsmeldung-18x12.jpg 18w\" sizes=\"auto, (max-width: 810px) 100vw, 810px\" \/>\n\t\t\t\t\t<\/div>\n\t<\/section>\n\n\n<section class=\"firepress-section firepress-image-text\">\n\t\t\t<div class=\"image-text\">\n\t\t\t<div class=\"image-text__content image-text__column\">\n\t\t\t\t\t\t\t\t\t<p class=\"image-text__subtitle\">27.09.2022<\/p>\n\t\t\t\t\n\t\t\t\t\t\t\t\t\t<h3 class=\"image-text__title\">High-ranking visitor<\/h3>\n\t\t\t\t\n\t\t\t\t\t\t\t\t\t<div class=\"image-text__text\"><p>The Nature and General Environmental Protection Unit of the Office of the Provincial Government of Styria (A13) visited the National Park. Led by Head of Unit Gerhard Rupp, the group visited the Weidendom Adventure Centre and Gstatterboden. <\/p>\n<\/div>\n\t\t\t\t\n\t\t\t\t\t\t\t<\/div>\n\n\t\t\t\t\t\t\t<img loading=\"lazy\" decoding=\"async\" width=\"591\" height=\"443\" src=\"https:\/\/nationalpark-gesaeuse.at\/wp-content\/uploads\/HW004286.jpg\" class=\"image-text__image image-text__column\" alt=\"\" srcset=\"https:\/\/nationalpark-gesaeuse.at\/wp-content\/uploads\/HW004286.jpg 591w, https:\/\/nationalpark-gesaeuse.at\/wp-content\/uploads\/HW004286-300x225.jpg 300w, https:\/\/nationalpark-gesaeuse.at\/wp-content\/uploads\/HW004286-16x12.jpg 16w\" sizes=\"auto, (max-width: 591px) 100vw, 591px\" \/>\n\t\t\t\t\t<\/div>\n\t<\/section>\n\n\n<section class=\"firepress-section firepress-image-text\">\n\t\t\t<div class=\"image-text image-text--mirrored\">\n\t\t\t<div class=\"image-text__content image-text__column\">\n\t\t\t\t\t\t\t\t\t<p class=\"image-text__subtitle\">23.08.2022<\/p>\n\t\t\t\t\n\t\t\t\t\t\t\t\t\t<h3 class=\"image-text__title\">Storm<\/h3>\n\t\t\t\t\n\t\t\t\t\t\t\t\t\t<div class=\"image-text__text\"><p>Last week's heavy storms also left their mark on the Ges\u00e4use National Park. Among other things, the \"Lettmair Au\" theme trail was severely damaged and is currently not accessible (danger to life from falling branches!). <\/p>\n<p><strong>All current locks:<\/strong><br \/>\nRoad closure: B146 between Gstatterboden and Hieflau<\/p>\n<p>Trail closures: The themed trails \"Lettmair Au\" as well as \"Leierweg\" and \"Wilder John\" are closed until further notice.<br \/>\nWe ask for special caution in the grounds. However, a visit to the willow dome and the ecological footprint are possible.<br \/>\nThe latest information about the roadblocks is available here under News.<\/p>\n<\/div>\n\t\t\t\t\n\t\t\t\t\t\t\t<\/div>\n\n\t\t\t\t\t\t\t<img loading=\"lazy\" decoding=\"async\" width=\"591\" height=\"443\" src=\"https:\/\/nationalpark-gesaeuse.at\/wp-content\/uploads\/HW0035651.jpg\" class=\"image-text__image image-text__column\" alt=\"\" srcset=\"https:\/\/nationalpark-gesaeuse.at\/wp-content\/uploads\/HW0035651.jpg 591w, https:\/\/nationalpark-gesaeuse.at\/wp-content\/uploads\/HW0035651-300x225.jpg 300w, https:\/\/nationalpark-gesaeuse.at\/wp-content\/uploads\/HW0035651-16x12.jpg 16w\" sizes=\"auto, (max-width: 591px) 100vw, 591px\" \/>\n\t\t\t\t\t<\/div>\n\t<\/section>\n\n\n<section class=\"firepress-section firepress-image-text\">\n\t\t\t<div class=\"image-text\">\n\t\t\t<div class=\"image-text__content image-text__column\">\n\t\t\t\t\t\t\t\t\t<p class=\"image-text__subtitle\">01.08.2022<\/p>\n\t\t\t\t\n\t\t\t\t\t\t\t\t\t<h3 class=\"image-text__title\">Primeval, natural and commercial forest<\/h3>\n\t\t\t\t\n\t\t\t\t\t\t\t\t\t<div class=\"image-text__text\"><p>Last week, the entire staff of the Bavarian Saalforste and six forestry trainees from North Rhine-Westphalia visited us. Plenty of time to discuss the forest!<br \/>\nThe speed of global warming brings huge challenges for the forest. What is certain is that the forests of the future will not resemble those of the past. Who will do better? The forestry industry through active management of tree species (plantations) or nature left to its own devices in national parks and wilderness areas?<\/p>\n<\/div>\n\t\t\t\t\n\t\t\t\t\t\t\t<\/div>\n\n\t\t\t\t\t\t\t<img loading=\"lazy\" decoding=\"async\" width=\"1024\" height=\"768\" src=\"https:\/\/nationalpark-gesaeuse.at\/wp-content\/uploads\/IMG_5687b-1024x768.jpg\" class=\"image-text__image image-text__column\" alt=\"\" srcset=\"https:\/\/nationalpark-gesaeuse.at\/wp-content\/uploads\/IMG_5687b-1024x768.jpg 1024w, https:\/\/nationalpark-gesaeuse.at\/wp-content\/uploads\/IMG_5687b-1440x1080.jpg 1440w, https:\/\/nationalpark-gesaeuse.at\/wp-content\/uploads\/IMG_5687b-300x225.jpg 300w, https:\/\/nationalpark-gesaeuse.at\/wp-content\/uploads\/IMG_5687b-768x576.jpg 768w, https:\/\/nationalpark-gesaeuse.at\/wp-content\/uploads\/IMG_5687b-1536x1152.jpg 1536w, https:\/\/nationalpark-gesaeuse.at\/wp-content\/uploads\/IMG_5687b-scaled.jpg 2048w, https:\/\/nationalpark-gesaeuse.at\/wp-content\/uploads\/IMG_5687b-16x12.jpg 16w\" sizes=\"auto, (max-width: 1024px) 100vw, 1024px\" \/>\n\t\t\t\t\t<\/div>\n\t<\/section>\n\n\n<section class=\"firepress-section firepress-image-text\">\n\t\t\t<div class=\"image-text\">\n\t\t\t<div class=\"image-text__content image-text__column\">\n\t\t\t\t\t\t\t\t\t<p class=\"image-text__subtitle\">11.07.2022<\/p>\n\t\t\t\t\n\t\t\t\t\t\t\t\t\t<h3 class=\"image-text__title\">6ute 6reasons<\/h3>\n\t\t\t\t\n\t\t\t\t\t\t\t\t\t<div class=\"image-text__text\"><p><strong>Opening of the current exhibition at FOKUS, the gallery of the National Park Photo School<\/strong><br \/>\n\"6ute 6r\u00fcnde\" - this is the name of the exhibition by photographer Rupert Kogler, in which he presents the six domestic national parks in sensitive, intimate portraits and at the same time reveals to visitors his very personal approach to nature photography. He dedicates himself without exception to authentic nature photographs while at the same time paying attention to aesthetic standards. For Rupert Kogler, this also includes the exclusive use of natural light and refraining from any deliberate interference with nature.<\/p>\n<p>\"Besides my efforts as a nature educator to raise awareness, my work as a nature photographer also gives me countless unforgettable moments that provide me with a lifelong wealth. Both aspects are undoubtedly only brought to bear with the help of authentic and honest photographs. My concern is to show what wonders can be waiting outside and what is currently more at stake than ever!\" says Rupert Kogler, whose pictures can be seen at the FOKUS Gallery in Admont until 20 August.<\/p>\n<p><strong>\"6ute 6r\u00fcnde\" - 11 July - 20 August 2022 with free admission at the FOKUS Gallery<br \/>\n8911 Admont, Hauptstra\u00dfe 32<\/strong><\/p>\n<p>Monday to Friday continuously from 09:00 - 17:00, Saturday from 10:00 to 16:00<\/p>\n<\/div>\n\t\t\t\t\n\t\t\t\t\t\t\t<\/div>\n\n\t\t\t\t\t\t\t<img loading=\"lazy\" decoding=\"async\" width=\"1024\" height=\"668\" src=\"https:\/\/nationalpark-gesaeuse.at\/wp-content\/uploads\/Fokus_GuteGruende-2-1024x668.png\" class=\"image-text__image image-text__column\" alt=\"\" srcset=\"https:\/\/nationalpark-gesaeuse.at\/wp-content\/uploads\/Fokus_GuteGruende-2-1024x668.png 1024w, https:\/\/nationalpark-gesaeuse.at\/wp-content\/uploads\/Fokus_GuteGruende-2-1656x1080.png 1656w, https:\/\/nationalpark-gesaeuse.at\/wp-content\/uploads\/Fokus_GuteGruende-2-300x196.png 300w, https:\/\/nationalpark-gesaeuse.at\/wp-content\/uploads\/Fokus_GuteGruende-2-768x501.png 768w, https:\/\/nationalpark-gesaeuse.at\/wp-content\/uploads\/Fokus_GuteGruende-2-1536x1002.png 1536w, https:\/\/nationalpark-gesaeuse.at\/wp-content\/uploads\/Fokus_GuteGruende-2-18x12.png 18w, https:\/\/nationalpark-gesaeuse.at\/wp-content\/uploads\/Fokus_GuteGruende-2.png 1739w\" sizes=\"auto, (max-width: 1024px) 100vw, 1024px\" \/>\n\t\t\t\t\t<\/div>\n\t<\/section>\n\n\n<section class=\"firepress-section firepress-image-text\">\n\t\t\t<div class=\"image-text image-text--mirrored\">\n\t\t\t<div class=\"image-text__content image-text__column\">\n\t\t\t\t\t\t\t\t\t<p class=\"image-text__subtitle\">05.07.2022<\/p>\n\t\t\t\t\n\t\t\t\t\t\t\t\t\t<h3 class=\"image-text__title\">20 Years of the National Park in Gold<\/h3>\n\t\t\t\t\n\t\t\t\t\t\t\t\t\t<div class=\"image-text__text\"><p>In honour of the 20th anniversary of the Ges\u00e4use National Park, the Austrian Mint has issued a gold coin. Entitled \"Am wilden Wasser\", the collector's coin was minted in the series \"Naturschatz Alpen\". On the value side is the ornamental feathered carnation, on the other side the entrance to the Ges\u00e4use.<\/p>\n<p>Illustration from \"The Mint<\/p>\n<\/div>\n\t\t\t\t\n\t\t\t\t\t\t\t<\/div>\n\n\t\t\t\t\t\t\t<img loading=\"lazy\" decoding=\"async\" width=\"1024\" height=\"683\" src=\"https:\/\/nationalpark-gesaeuse.at\/wp-content\/uploads\/Muenze_fertig-1024x683.jpg\" class=\"image-text__image image-text__column\" alt=\"\" srcset=\"https:\/\/nationalpark-gesaeuse.at\/wp-content\/uploads\/Muenze_fertig-1024x683.jpg 1024w, https:\/\/nationalpark-gesaeuse.at\/wp-content\/uploads\/Muenze_fertig-1620x1080.jpg 1620w, https:\/\/nationalpark-gesaeuse.at\/wp-content\/uploads\/Muenze_fertig-300x200.jpg 300w, https:\/\/nationalpark-gesaeuse.at\/wp-content\/uploads\/Muenze_fertig-768x512.jpg 768w, https:\/\/nationalpark-gesaeuse.at\/wp-content\/uploads\/Muenze_fertig-1536x1024.jpg 1536w, https:\/\/nationalpark-gesaeuse.at\/wp-content\/uploads\/Muenze_fertig-scaled.jpg 2048w, https:\/\/nationalpark-gesaeuse.at\/wp-content\/uploads\/Muenze_fertig-18x12.jpg 18w\" sizes=\"auto, (max-width: 1024px) 100vw, 1024px\" \/>\n\t\t\t\t\t<\/div>\n\t<\/section>\n\n\n<section class=\"firepress-section firepress-image-text\">\n\t\t\t<div class=\"image-text\">\n\t\t\t<div class=\"image-text__content image-text__column\">\n\t\t\t\t\t\t\t\t\t<p class=\"image-text__subtitle\">30.06.2022<\/p>\n\t\t\t\t\n\t\t\t\t\t\t\t\t\t<h3 class=\"image-text__title\">Saving the grayling<\/h3>\n\t\t\t\t\n\t\t\t\t\t\t\t\t\t<div class=\"image-text__text\"><p>Grayling are a leading fish species in the Enns in the Ges\u00e4use. In general, things are bad for the fish in the Enns, as in many other waters. River straightening, power plants, incorrect fisheries management and natural enemies: the melange of these factors is deadly.<br \/>\nA delegation from the Ges\u00e4use studied how fishing can make a positive contribution to the Ybbs. Stefan Guttmann from the association \"Save the Ybbs Grayling\" (<a href=\"http:\/\/www.ybbs-aesche.at\">www.ybbs-aesche.at<\/a>) has shown which stocking measures have succeeded in rebuilding a self-regenerating grayling stock in the lower reaches of the Ybbs. The most important biological success factor: the fish must be genetically suitable and grow up in the water from an early age! The most important organisational success factor: cooperation of the fishing rights holders along the course of the river!<br \/>\nThe Gstatterboden-Ges\u00e4use Fishing Association, the Styrian Fisheries Association, the Styrian Provincial Forests and the Ges\u00e4use National Park were all involved.<\/p>\n<\/div>\n\t\t\t\t\n\t\t\t\t\t\t\t<\/div>\n\n\t\t\t\t\t\t\t<img loading=\"lazy\" decoding=\"async\" width=\"1024\" height=\"763\" src=\"https:\/\/nationalpark-gesaeuse.at\/wp-content\/uploads\/IMG_4838b-1024x763.jpg\" class=\"image-text__image image-text__column\" alt=\"\" srcset=\"https:\/\/nationalpark-gesaeuse.at\/wp-content\/uploads\/IMG_4838b-1024x763.jpg 1024w, https:\/\/nationalpark-gesaeuse.at\/wp-content\/uploads\/IMG_4838b-300x224.jpg 300w, https:\/\/nationalpark-gesaeuse.at\/wp-content\/uploads\/IMG_4838b-768x572.jpg 768w, https:\/\/nationalpark-gesaeuse.at\/wp-content\/uploads\/IMG_4838b-16x12.jpg 16w, https:\/\/nationalpark-gesaeuse.at\/wp-content\/uploads\/IMG_4838b.jpg 1233w\" sizes=\"auto, (max-width: 1024px) 100vw, 1024px\" \/>\n\t\t\t\t\t<\/div>\n\t<\/section>\n\n\n<section class=\"firepress-section firepress-image-text\">\n\t\t\t<div class=\"image-text\">\n\t\t\t<div class=\"image-text__content image-text__column\">\n\t\t\t\t\t\t\t\t\t<p class=\"image-text__subtitle\">30.06.2022<\/p>\n\t\t\t\t\n\t\t\t\t\t\t\t\t\t<h3 class=\"image-text__title\">\u00d61 Club Exclusive<\/h3>\n\t\t\t\t\n\t\t\t\t\t\t\t\t\t<div class=\"image-text__text\"><p>The \"\u00d61 Club Exklusiv\" introduced a small, interested group of \u00d61 members to the secrets of orchids. From orchid to fly agaric, many species were marvelled at and the current status of protection, monitoring and research was discussed. Most of the participants travelled by environmentally friendly train. Excellent weather and high spirits made the five-hour hike an experience for the whole group.<\/p>\n<\/div>\n\t\t\t\t\n\t\t\t\t\t\t\t<\/div>\n\n\t\t\t\t\t\t\t<img loading=\"lazy\" decoding=\"async\" width=\"1024\" height=\"576\" src=\"https:\/\/nationalpark-gesaeuse.at\/wp-content\/uploads\/Wanderung-Oe1-quer-1024x576.jpg\" class=\"image-text__image image-text__column\" alt=\"\" srcset=\"https:\/\/nationalpark-gesaeuse.at\/wp-content\/uploads\/Wanderung-Oe1-quer-1024x576.jpg 1024w, https:\/\/nationalpark-gesaeuse.at\/wp-content\/uploads\/Wanderung-Oe1-quer-300x169.jpg 300w, https:\/\/nationalpark-gesaeuse.at\/wp-content\/uploads\/Wanderung-Oe1-quer-768x432.jpg 768w, https:\/\/nationalpark-gesaeuse.at\/wp-content\/uploads\/Wanderung-Oe1-quer-1536x864.jpg 1536w, https:\/\/nationalpark-gesaeuse.at\/wp-content\/uploads\/Wanderung-Oe1-quer-18x10.jpg 18w, https:\/\/nationalpark-gesaeuse.at\/wp-content\/uploads\/Wanderung-Oe1-quer.jpg 1920w\" sizes=\"auto, (max-width: 1024px) 100vw, 1024px\" \/>\n\t\t\t\t\t<\/div>\n\t<\/section>\n\n\n<section class=\"firepress-section firepress-image-text\">\n\t\t\t<div class=\"image-text image-text--mirrored\">\n\t\t\t<div class=\"image-text__content image-text__column\">\n\t\t\t\t\t\t\t\t\t<p class=\"image-text__subtitle\">20.06.2022<\/p>\n\t\t\t\t\n\t\t\t\t\t\t\t\t\t<h3 class=\"image-text__title\">Work on the parking concept is progressing<\/h3>\n\t\t\t\t\n\t\t\t\t\t\t\t\t\t<div class=\"image-text__text\"><p>Flood-proof car parks are being built in the rear Johnsbachtal. At the Gschaidegger car park, the first two parking levels are already visible.<\/p>\n<\/div>\n\t\t\t\t\n\t\t\t\t\t\t\t<\/div>\n\n\t\t\t\t\t\t\t<img loading=\"lazy\" decoding=\"async\" width=\"1024\" height=\"768\" src=\"https:\/\/nationalpark-gesaeuse.at\/wp-content\/uploads\/2022-06-20_-19-002-1024x768.jpg\" class=\"image-text__image image-text__column\" alt=\"\" srcset=\"https:\/\/nationalpark-gesaeuse.at\/wp-content\/uploads\/2022-06-20_-19-002-1024x768.jpg 1024w, https:\/\/nationalpark-gesaeuse.at\/wp-content\/uploads\/2022-06-20_-19-002-1440x1080.jpg 1440w, https:\/\/nationalpark-gesaeuse.at\/wp-content\/uploads\/2022-06-20_-19-002-300x225.jpg 300w, https:\/\/nationalpark-gesaeuse.at\/wp-content\/uploads\/2022-06-20_-19-002-768x576.jpg 768w, https:\/\/nationalpark-gesaeuse.at\/wp-content\/uploads\/2022-06-20_-19-002-1536x1152.jpg 1536w, https:\/\/nationalpark-gesaeuse.at\/wp-content\/uploads\/2022-06-20_-19-002-16x12.jpg 16w, https:\/\/nationalpark-gesaeuse.at\/wp-content\/uploads\/2022-06-20_-19-002.jpg 1672w\" sizes=\"auto, (max-width: 1024px) 100vw, 1024px\" \/>\n\t\t\t\t\t<\/div>\n\t<\/section>\n\n\n<section class=\"firepress-section firepress-image-text\">\n\t\t\t<div class=\"image-text\">\n\t\t\t<div class=\"image-text__content image-text__column\">\n\t\t\t\t\t\t\t\t\t<p class=\"image-text__subtitle\">13.06.2022<\/p>\n\t\t\t\t\n\t\t\t\t\t\t\t\t\t<h3 class=\"image-text__title\">New National Park Book presented<\/h3>\n\t\t\t\t\n\t\t\t\t\t\t\t\t\t<div class=\"image-text__text\"><p>In keeping with the anniversary year of the National Park, there was a book launch on 9 June 2022 in the new Fokus Gallery (National Park Photo School) in Admont.<br \/>\nOn the occasion of 20 years of the Ges\u00e4use National Park, nature photographer Herfried Marek has published a beautiful book about the Ges\u00e4use National Park. The book focuses on his photos of landscape, plants and animals, complemented by shots of the night sky by Andreas Hollinger.<br \/>\nThe Nature Conservation and Research Department of the Ges\u00e4use National Park contributed species determinations and texts.<br \/>\nThe book is available at the Admont Tourist Office, at the Wallig bookshop in Admont and in our webshop. <a href=\"https:\/\/nationalpark-gesaeuse.at\/en\/discover-national-park\/shop\/erlebnisse\/at1\/84023ce3-97d9-4c90-ab25-9cc74e435555\/20-jahre-nationalpark-gesaeuse---herfried-marek\/\">20 Years Ges\u00e4use National Park - Herfried Marek (nationalpark-gesaeuse.at)<\/a> <\/p>\n<\/div>\n\t\t\t\t\n\t\t\t\t\t\t\t<\/div>\n\n\t\t\t\t\t\t\t<img loading=\"lazy\" decoding=\"async\" width=\"1024\" height=\"768\" src=\"https:\/\/nationalpark-gesaeuse.at\/wp-content\/uploads\/IMG_4634-1024x768.jpg\" class=\"image-text__image image-text__column\" alt=\"\" srcset=\"https:\/\/nationalpark-gesaeuse.at\/wp-content\/uploads\/IMG_4634-1024x768.jpg 1024w, https:\/\/nationalpark-gesaeuse.at\/wp-content\/uploads\/IMG_4634-1440x1080.jpg 1440w, https:\/\/nationalpark-gesaeuse.at\/wp-content\/uploads\/IMG_4634-300x225.jpg 300w, https:\/\/nationalpark-gesaeuse.at\/wp-content\/uploads\/IMG_4634-768x576.jpg 768w, https:\/\/nationalpark-gesaeuse.at\/wp-content\/uploads\/IMG_4634-1536x1152.jpg 1536w, https:\/\/nationalpark-gesaeuse.at\/wp-content\/uploads\/IMG_4634-16x12.jpg 16w, https:\/\/nationalpark-gesaeuse.at\/wp-content\/uploads\/IMG_4634.jpg 2048w\" sizes=\"auto, (max-width: 1024px) 100vw, 1024px\" \/>\n\t\t\t\t\t<\/div>\n\t<\/section>\n\n\n<section class=\"firepress-section firepress-image-text\">\n\t\t\t<div class=\"image-text\">\n\t\t\t<div class=\"image-text__content image-text__column\">\n\t\t\t\t\t\t\t\t\t<p class=\"image-text__subtitle\">30.05.2022<\/p>\n\t\t\t\t\n\t\t\t\t\t\t\t\t\t<h3 class=\"image-text__title\">14th Annual Meeting of the Mountaineering Villages in Johnsbach im Ges\u00e4use <\/h3>\n\t\t\t\t\n\t\t\t\t\t\t\t\t\t<div class=\"image-text__text\"><p>From 20 to 22 May, more than 100 representatives from the 36 mountaineering villages met in Johnsbach for the annual exchange. People from tourism, nature conservation and politics discussed the topic \"Nature conservation and tourism in harmony\" for three days. At the same time, the 20th anniversary of the Ges\u00e4use National Park was celebrated.<\/p>\n<\/div>\n\t\t\t\t\n\t\t\t\t\t\t\t<\/div>\n\n\t\t\t\t\t\t\t<img loading=\"lazy\" decoding=\"async\" width=\"1024\" height=\"922\" src=\"https:\/\/nationalpark-gesaeuse.at\/wp-content\/uploads\/bergsteigerdoerfer_logo_4c-2016-1024x922.jpg\" class=\"image-text__image image-text__column\" alt=\"\" srcset=\"https:\/\/nationalpark-gesaeuse.at\/wp-content\/uploads\/bergsteigerdoerfer_logo_4c-2016-1024x922.jpg 1024w, https:\/\/nationalpark-gesaeuse.at\/wp-content\/uploads\/bergsteigerdoerfer_logo_4c-2016-300x270.jpg 300w, https:\/\/nationalpark-gesaeuse.at\/wp-content\/uploads\/bergsteigerdoerfer_logo_4c-2016-768x691.jpg 768w, https:\/\/nationalpark-gesaeuse.at\/wp-content\/uploads\/bergsteigerdoerfer_logo_4c-2016-13x12.jpg 13w, https:\/\/nationalpark-gesaeuse.at\/wp-content\/uploads\/bergsteigerdoerfer_logo_4c-2016.jpg 1094w\" sizes=\"auto, (max-width: 1024px) 100vw, 1024px\" \/>\n\t\t\t\t\t<\/div>\n\t<\/section>\n\n\n<section class=\"firepress-section firepress-image\">\n\t\t\t<img loading=\"lazy\" decoding=\"async\" width=\"1024\" height=\"311\" src=\"https:\/\/nationalpark-gesaeuse.at\/wp-content\/uploads\/Andi-Hollinger-Kopie-1-1024x311.jpg\" class=\"image__media\" alt=\"\" style=\"\" srcset=\"https:\/\/nationalpark-gesaeuse.at\/wp-content\/uploads\/Andi-Hollinger-Kopie-1-1024x311.jpg 1024w, https:\/\/nationalpark-gesaeuse.at\/wp-content\/uploads\/Andi-Hollinger-Kopie-1-1536x466.jpg 1536w, https:\/\/nationalpark-gesaeuse.at\/wp-content\/uploads\/Andi-Hollinger-Kopie-1-1920x583.jpg 1920w, https:\/\/nationalpark-gesaeuse.at\/wp-content\/uploads\/Andi-Hollinger-Kopie-1-300x91.jpg 300w, https:\/\/nationalpark-gesaeuse.at\/wp-content\/uploads\/Andi-Hollinger-Kopie-1-768x233.jpg 768w, https:\/\/nationalpark-gesaeuse.at\/wp-content\/uploads\/Andi-Hollinger-Kopie-1-scaled.jpg 2048w, https:\/\/nationalpark-gesaeuse.at\/wp-content\/uploads\/Andi-Hollinger-Kopie-1-18x5.jpg 18w\" sizes=\"auto, (max-width: 1024px) 100vw, 1024px\" \/>\n\t<\/section>\n\n\n<section class=\"firepress-section firepress-text\">\n\t\t\t\t\t\t<div class=\"text__body\"><p>Mayors, innkeepers, farmers as well as tourism representatives of the 36 mountaineering villages met last weekend in Johnsbach in the Ges\u00e4use. After the welcome by Liliana Dagostin (Head of the Department of Spatial Planning and Nature Conservation, Alpine Club Austria), the annual meeting opened on Friday morning with a discussion round. Speakers on the topic of \"20 years of Ges\u00e4use National Park and Protocols of the Alpine Convention in Austria\" were Alenka Smerkolj, Secretary General of the Alpine Convention, Ministerial Councillor Ewald Galle from the Ministry of Climate Protection, Ursula Lackner, Provincial Councillor for Styria, and Herbert W\u00f6lger, Director of the National Park. Many of the speakers emphasised the importance of the mountaineering villages and the importance of combining environmental protection and tourism. \"We have to learn to deal with nature. Man is part of nature,\" remarked Provincial Councillor Lackner, for example. Ministerial Councillor Galle emphasised the goal of \"reconciling environmental compatibility and tourism\".<\/p>\n<\/div>\n\t\t\n\t\t\t<\/section>\n\n\n<section class=\"firepress-section firepress-image-text\">\n\t\t\t<div class=\"image-text\">\n\t\t\t<div class=\"image-text__content image-text__column\">\n\t\t\t\t\t\t\t\t\t<p class=\"image-text__subtitle\">18.05.2022<\/p>\n\t\t\t\t\n\t\t\t\t\t\t\t\t\t<h3 class=\"image-text__title\">Change of chairperson in the umbrella organisation National Parks Austria<\/h3>\n\t\t\t\t\n\t\t\t\t\t\t\t\t\t<div class=\"image-text__text\"><p>Austria's national parks protect outstanding natural landscapes between the Gro\u00dfglockner and Lake Neusiedl. The joint activities are coordinated by the association Nationalparks Austria. Peter Rupitsch, long-time chairman of the association, is now retiring and will be appointed honorary member. Christian \u00dcbl, Director of the National Park Thayatal, will follow in his footsteps. <\/p>\n<\/div>\n\t\t\t\t\n\t\t\t\t\t\t\t<\/div>\n\n\t\t\t\t\t\t\t<img loading=\"lazy\" decoding=\"async\" width=\"1024\" height=\"862\" src=\"https:\/\/nationalpark-gesaeuse.at\/wp-content\/uploads\/Obmannwechsel_NPA_2022_c_Woelger-1024x862.jpg\" class=\"image-text__image image-text__column\" alt=\"\" srcset=\"https:\/\/nationalpark-gesaeuse.at\/wp-content\/uploads\/Obmannwechsel_NPA_2022_c_Woelger-1024x862.jpg 1024w, https:\/\/nationalpark-gesaeuse.at\/wp-content\/uploads\/Obmannwechsel_NPA_2022_c_Woelger-1536x1293.jpg 1536w, https:\/\/nationalpark-gesaeuse.at\/wp-content\/uploads\/Obmannwechsel_NPA_2022_c_Woelger-1283x1080.jpg 1283w, https:\/\/nationalpark-gesaeuse.at\/wp-content\/uploads\/Obmannwechsel_NPA_2022_c_Woelger-300x252.jpg 300w, https:\/\/nationalpark-gesaeuse.at\/wp-content\/uploads\/Obmannwechsel_NPA_2022_c_Woelger-768x646.jpg 768w, https:\/\/nationalpark-gesaeuse.at\/wp-content\/uploads\/Obmannwechsel_NPA_2022_c_Woelger-scaled.jpg 2048w, https:\/\/nationalpark-gesaeuse.at\/wp-content\/uploads\/Obmannwechsel_NPA_2022_c_Woelger-14x12.jpg 14w\" sizes=\"auto, (max-width: 1024px) 100vw, 1024px\" \/>\n\t\t\t\t\t<\/div>\n\t<\/section>\n\n\n<section class=\"firepress-section firepress-image-text\">\n\t\t\t<div class=\"image-text image-text--mirrored\">\n\t\t\t<div class=\"image-text__content image-text__column\">\n\t\t\t\t\t\t\t\t\t<p class=\"image-text__subtitle\">11.05.2022<\/p>\n\t\t\t\t\n\t\t\t\t\t\t\t\t\t<h3 class=\"image-text__title\">Aktionstag &quot;Bleifrei Jagern&quot; <\/h3>\n\t\t\t\t\n\t\t\t\t\t\t\t\t\t<div class=\"image-text__text\"><p>On 30 April 2022, the Admont-St. Gallen branch of the Styrian Hunting Protection Association invited to a control shooting at the Erzherzog Johann shooting range in St. Gallen. In cooperation with the Ges\u00e4use National Park, lead-free ammunition could be tested free of charge. Gunsmith Harald Pichler provided practical assistance. More than 50% of the participants were convinced of the hitting quality of the lead-free ammunition and shot their weapons with it. We are convinced that the new ammunition will also prove to be suitable for further use. Thus, another small step has been taken to reduce lead pollution of the environment in the vicinity of the National Park.<\/p>\n<p>You can find more information in the <a href=\"https:\/\/nationalpark-gesaeuse.at\/wp-content\/uploads\/Faktenblatt-Bleifrei-Munition.pdf\">Fact Sheet Lead Free Ammunition<\/a>.<\/p>\n<\/div>\n\t\t\t\t\n\t\t\t\t\t\t\t<\/div>\n\n\t\t\t\t\t\t\t<img loading=\"lazy\" decoding=\"async\" width=\"1024\" height=\"768\" src=\"https:\/\/nationalpark-gesaeuse.at\/wp-content\/uploads\/IMG_3228-1024x768.jpg\" class=\"image-text__image image-text__column\" alt=\"\" srcset=\"https:\/\/nationalpark-gesaeuse.at\/wp-content\/uploads\/IMG_3228-1024x768.jpg 1024w, https:\/\/nationalpark-gesaeuse.at\/wp-content\/uploads\/IMG_3228-1440x1080.jpg 1440w, https:\/\/nationalpark-gesaeuse.at\/wp-content\/uploads\/IMG_3228-300x225.jpg 300w, https:\/\/nationalpark-gesaeuse.at\/wp-content\/uploads\/IMG_3228-768x576.jpg 768w, https:\/\/nationalpark-gesaeuse.at\/wp-content\/uploads\/IMG_3228-1536x1152.jpg 1536w, https:\/\/nationalpark-gesaeuse.at\/wp-content\/uploads\/IMG_3228-scaled.jpg 2048w, https:\/\/nationalpark-gesaeuse.at\/wp-content\/uploads\/IMG_3228-16x12.jpg 16w\" sizes=\"auto, (max-width: 1024px) 100vw, 1024px\" \/>\n\t\t\t\t\t<\/div>\n\t<\/section>\n\n\n<section class=\"firepress-section firepress-image-text\">\n\t\t\t<div class=\"image-text\">\n\t\t\t<div class=\"image-text__content image-text__column\">\n\t\t\t\t\t\t\t\t\t<p class=\"image-text__subtitle\">28.04.2022<\/p>\n\t\t\t\t\n\t\t\t\t\t\t\t\t\t<h3 class=\"image-text__title\">Ges\u00e4use shared taxi<\/h3>\n\t\t\t\t\n\t\t\t\t\t\t\t\t\t<div class=\"image-text__text\"><p>The Ges\u00e4use shared taxi is back!<br \/>\nThe shared taxi is on the road again in the Ges\u00e4use region with the following operating times:<br \/>\nJuly, August, September: all weekdays 08:00-20:00<br \/>\nMay, June, October: Friday, Saturday, Sunday and public holidays: 08:00-20:00<br \/>\n<strong>Where?<\/strong><br \/>\nIn the service area Admont, Ardning, Landl, St. Gallen<\/p>\n<p><strong>Price<\/strong> per person and ride: 9,50.-<br \/>\nMinimum occupancy 2 persons! If there is only 1 passenger, 2 tickets must be purchased.<br \/>\nPrice valid up to 25 km distance - for additional kilometres the taxi fare will be charged.<br \/>\nTel. no. for ordering: 03613-21000-9<\/p>\n<\/div>\n\t\t\t\t\n\t\t\t\t\t\t\t\t\t<a\n\t\t\t\t\t\tclass=\"image-text__link button button--dark\"\n\t\t\t\t\t\thref=\"https:\/\/www.steiermark.com\/en\/Gesaeuse\/Plan-your-holidays\/Ideas-for-excursions\/Gesause-Sammeltaxi_isd_2106545\"\n\t\t\t\t\t\ttarget=\"_blank\" rel=\"noopener\"\t\t\t\t\t>To the website<\/a>\n\t\t\t\t\t\t\t<\/div>\n\n\t\t\t\t\t\t\t<img loading=\"lazy\" decoding=\"async\" width=\"1024\" height=\"505\" src=\"https:\/\/nationalpark-gesaeuse.at\/wp-content\/uploads\/Screenshot-2022-04-28-094223-e1651132112317-1024x505.jpg\" class=\"image-text__image image-text__column\" alt=\"\" srcset=\"https:\/\/nationalpark-gesaeuse.at\/wp-content\/uploads\/Screenshot-2022-04-28-094223-e1651132112317-1024x505.jpg 1024w, https:\/\/nationalpark-gesaeuse.at\/wp-content\/uploads\/Screenshot-2022-04-28-094223-e1651132112317-300x148.jpg 300w, https:\/\/nationalpark-gesaeuse.at\/wp-content\/uploads\/Screenshot-2022-04-28-094223-e1651132112317-768x378.jpg 768w, https:\/\/nationalpark-gesaeuse.at\/wp-content\/uploads\/Screenshot-2022-04-28-094223-e1651132112317-18x9.jpg 18w, https:\/\/nationalpark-gesaeuse.at\/wp-content\/uploads\/Screenshot-2022-04-28-094223-e1651132112317.jpg 1181w\" sizes=\"auto, (max-width: 1024px) 100vw, 1024px\" \/>\n\t\t\t\t\t<\/div>\n\t<\/section>\n\n\n<section class=\"firepress-section firepress-image-text\">\n\t\t\t<div class=\"image-text\">\n\t\t\t<div class=\"image-text__content image-text__column\">\n\t\t\t\t\t\t\t\t\t<p class=\"image-text__subtitle\">27.04.2022<\/p>\n\t\t\t\t\n\t\t\t\t\t\t\t\t\t<h3 class=\"image-text__title\">The new Gseis is here!<\/h3>\n\t\t\t\t\n\t\t\t\t\t\t\t\t\t<div class=\"image-text__text\"><p>The new National Park magazine \"IM GSEIS\" is now available for download on our website. Subscribers can look forward to receiving the print edition by post in the coming days. You would also like to subscribe to the magazine free of charge? With pleasure! Simply send an email to <a href=\"mailto:k.lattacher@nationalpark-gesaeuse.at\">Karin Lattacher<\/a> with the subject \"IN THE GSEIS\". Enjoy reading!<\/p>\n<\/div>\n\t\t\t\t\n\t\t\t\t\t\t\t\t\t<a\n\t\t\t\t\t\tclass=\"image-text__link button button--dark\"\n\t\t\t\t\t\thref=\"https:\/\/nationalpark-gesaeuse.at\/en\/service\/downloads\/\"\n\t\t\t\t\t\t\t\t\t\t\t>Downloads<\/a>\n\t\t\t\t\t\t\t<\/div>\n\n\t\t\t\t\t\t\t<img loading=\"lazy\" decoding=\"async\" width=\"724\" height=\"1024\" src=\"https:\/\/nationalpark-gesaeuse.at\/wp-content\/uploads\/ImGseis38-Sommer2022-1-724x1024.jpg\" class=\"image-text__image image-text__column\" alt=\"\" \/>\n\t\t\t\t\t<\/div>\n\t<\/section>\n\n\n<section class=\"firepress-section firepress-image-text\">\n\t\t\t<div class=\"image-text\">\n\t\t\t<div class=\"image-text__content image-text__column\">\n\t\t\t\t\t\t\t\t\t<p class=\"image-text__subtitle\">22.03.2022<\/p>\n\t\t\t\t\n\t\t\t\t\t\t\t\t\t<h3 class=\"image-text__title\">Forests of the future<\/h3>\n\t\t\t\t\n\t\t\t\t\t\t\t\t\t<div class=\"image-text__text\"><p>This time we are not bringing news from the National Park, but from the Forestry Directorate of the Province of Styria. They have published an extremely remarkable tool called \"Dynamic Forest Typing\". With this tool it is possible to estimate for the whole of Styria which trees and tree communities will be suitable in the future due to the expected climate.<\/p>\n<p>The pairs of pictures show the suitability of Upper Styria for pedunculate oak and spruce, respectively, currently and for approx. 2085. Meaning of the colours: the greener, the more suitable. The problem lies in the speed of climate change. In a time span in which trees - from a forestry point of view - have only completed half of their rotation period, the general conditions are changing massively. Many spruces that germinate today will not be doing well in 60 years. Conversely, it is difficult to plant English oaks today under suboptimal conditions, although they would do very well in 60 years.<br \/>\nFor forestry, this is a difficult question to solve. And for the forest wilderness in the national park? There, too, change is happening too quickly, but the adaptive and healing powers of nature have priority and it will become clear how the forest itself - without our influence - will develop. It has what it takes, as it has proven for many millions of years.<\/p>\n<p>Information and tool can be found via this link: <a href=\"http:\/\/www.waldtypisierung.steiermark.at\" rel=\"noopener\" target=\"_blank\">www.waldtypisierung.steiermark.at<\/a><\/p>\n<\/div>\n\t\t\t\t\n\t\t\t\t\t\t\t<\/div>\n\n\t\t\t\t\t\t\t<img loading=\"lazy\" decoding=\"async\" width=\"1024\" height=\"768\" src=\"https:\/\/nationalpark-gesaeuse.at\/wp-content\/uploads\/2022_03_08-Herbert-Woelger-IMG_0039-NPG1-1024x768.jpg\" class=\"image-text__image image-text__column\" alt=\"\" srcset=\"https:\/\/nationalpark-gesaeuse.at\/wp-content\/uploads\/2022_03_08-Herbert-Woelger-IMG_0039-NPG1-1024x768.jpg 1024w, https:\/\/nationalpark-gesaeuse.at\/wp-content\/uploads\/2022_03_08-Herbert-Woelger-IMG_0039-NPG1-300x225.jpg 300w, https:\/\/nationalpark-gesaeuse.at\/wp-content\/uploads\/2022_03_08-Herbert-Woelger-IMG_0039-NPG1-768x576.jpg 768w, https:\/\/nationalpark-gesaeuse.at\/wp-content\/uploads\/2022_03_08-Herbert-Woelger-IMG_0039-NPG1-16x12.jpg 16w, https:\/\/nationalpark-gesaeuse.at\/wp-content\/uploads\/2022_03_08-Herbert-Woelger-IMG_0039-NPG1-1440x1080.jpg 1440w, https:\/\/nationalpark-gesaeuse.at\/wp-content\/uploads\/2022_03_08-Herbert-Woelger-IMG_0039-NPG1-1536x1152.jpg 1536w, https:\/\/nationalpark-gesaeuse.at\/wp-content\/uploads\/2022_03_08-Herbert-Woelger-IMG_0039-NPG1-scaled.jpg 2048w\" sizes=\"auto, (max-width: 1024px) 100vw, 1024px\" \/>\n\t\t\t\t\t<\/div>\n\t<\/section>\n\n\n<section class=\"firepress-section firepress-image\">\n\t\t\t<img loading=\"lazy\" decoding=\"async\" width=\"1024\" height=\"724\" src=\"https:\/\/nationalpark-gesaeuse.at\/wp-content\/uploads\/Eicheaktuell-1024x724.jpg\" class=\"image__media\" alt=\"\" style=\"\" srcset=\"https:\/\/nationalpark-gesaeuse.at\/wp-content\/uploads\/Eicheaktuell-1024x724.jpg 1024w, https:\/\/nationalpark-gesaeuse.at\/wp-content\/uploads\/Eicheaktuell-1527x1080.jpg 1527w, https:\/\/nationalpark-gesaeuse.at\/wp-content\/uploads\/Eicheaktuell-300x212.jpg 300w, https:\/\/nationalpark-gesaeuse.at\/wp-content\/uploads\/Eicheaktuell-768x543.jpg 768w, https:\/\/nationalpark-gesaeuse.at\/wp-content\/uploads\/Eicheaktuell-1536x1086.jpg 1536w, https:\/\/nationalpark-gesaeuse.at\/wp-content\/uploads\/Eicheaktuell-scaled.jpg 2048w, https:\/\/nationalpark-gesaeuse.at\/wp-content\/uploads\/Eicheaktuell-18x12.jpg 18w\" sizes=\"auto, (max-width: 1024px) 100vw, 1024px\" \/>\n\t<\/section>\n\n\n<section class=\"firepress-section firepress-image\">\n\t\t\t<img loading=\"lazy\" decoding=\"async\" width=\"1024\" height=\"724\" src=\"https:\/\/nationalpark-gesaeuse.at\/wp-content\/uploads\/Eiche85-1024x724.jpg\" class=\"image__media\" alt=\"\" style=\"\" srcset=\"https:\/\/nationalpark-gesaeuse.at\/wp-content\/uploads\/Eiche85-1024x724.jpg 1024w, https:\/\/nationalpark-gesaeuse.at\/wp-content\/uploads\/Eiche85-1527x1080.jpg 1527w, https:\/\/nationalpark-gesaeuse.at\/wp-content\/uploads\/Eiche85-300x212.jpg 300w, https:\/\/nationalpark-gesaeuse.at\/wp-content\/uploads\/Eiche85-768x543.jpg 768w, https:\/\/nationalpark-gesaeuse.at\/wp-content\/uploads\/Eiche85-1536x1086.jpg 1536w, https:\/\/nationalpark-gesaeuse.at\/wp-content\/uploads\/Eiche85-scaled.jpg 2048w, https:\/\/nationalpark-gesaeuse.at\/wp-content\/uploads\/Eiche85-18x12.jpg 18w\" sizes=\"auto, (max-width: 1024px) 100vw, 1024px\" \/>\n\t<\/section>\n\n\n<section class=\"firepress-section firepress-image\">\n\t\t\t<img loading=\"lazy\" decoding=\"async\" width=\"1024\" height=\"724\" src=\"https:\/\/nationalpark-gesaeuse.at\/wp-content\/uploads\/Fichteaktuell-1024x724.jpg\" class=\"image__media\" alt=\"\" style=\"\" srcset=\"https:\/\/nationalpark-gesaeuse.at\/wp-content\/uploads\/Fichteaktuell-1024x724.jpg 1024w, https:\/\/nationalpark-gesaeuse.at\/wp-content\/uploads\/Fichteaktuell-1527x1080.jpg 1527w, https:\/\/nationalpark-gesaeuse.at\/wp-content\/uploads\/Fichteaktuell-300x212.jpg 300w, https:\/\/nationalpark-gesaeuse.at\/wp-content\/uploads\/Fichteaktuell-768x543.jpg 768w, https:\/\/nationalpark-gesaeuse.at\/wp-content\/uploads\/Fichteaktuell-1536x1086.jpg 1536w, https:\/\/nationalpark-gesaeuse.at\/wp-content\/uploads\/Fichteaktuell-scaled.jpg 2048w, https:\/\/nationalpark-gesaeuse.at\/wp-content\/uploads\/Fichteaktuell-18x12.jpg 18w\" sizes=\"auto, (max-width: 1024px) 100vw, 1024px\" \/>\n\t<\/section>\n\n\n<section class=\"firepress-section firepress-image\">\n\t\t\t<img loading=\"lazy\" decoding=\"async\" width=\"1024\" height=\"724\" src=\"https:\/\/nationalpark-gesaeuse.at\/wp-content\/uploads\/Fichte85-1024x724.jpg\" class=\"image__media\" alt=\"\" style=\"\" srcset=\"https:\/\/nationalpark-gesaeuse.at\/wp-content\/uploads\/Fichte85-1024x724.jpg 1024w, https:\/\/nationalpark-gesaeuse.at\/wp-content\/uploads\/Fichte85-1527x1080.jpg 1527w, https:\/\/nationalpark-gesaeuse.at\/wp-content\/uploads\/Fichte85-300x212.jpg 300w, https:\/\/nationalpark-gesaeuse.at\/wp-content\/uploads\/Fichte85-768x543.jpg 768w, https:\/\/nationalpark-gesaeuse.at\/wp-content\/uploads\/Fichte85-1536x1086.jpg 1536w, https:\/\/nationalpark-gesaeuse.at\/wp-content\/uploads\/Fichte85-scaled.jpg 2048w, https:\/\/nationalpark-gesaeuse.at\/wp-content\/uploads\/Fichte85-18x12.jpg 18w\" sizes=\"auto, (max-width: 1024px) 100vw, 1024px\" \/>\n\t<\/section>\n\n\n<section class=\"firepress-section firepress-image-text\">\n\t\t\t<div class=\"image-text\">\n\t\t\t<div class=\"image-text__content image-text__column\">\n\t\t\t\t\t\t\t\t\t<p class=\"image-text__subtitle\">08.03.2022<\/p>\n\t\t\t\t\n\t\t\t\t\t\t\t\t\t<h3 class=\"image-text__title\">National Park Oldie on Tik Tok<\/h3>\n\t\t\t\t\n\t\t\t\t\t\t\t\t\t<div class=\"image-text__text\"><p>Public institutions - such as the internationally recognised Gesaeuse National Park - try to present themselves as seriously and scientifically as possible in their public relations work. National Park veteran Andreas Hollinger is trying a more humorous approach for \"his\" Gesaeuse Park. On the social media platform Tik Tok, which primarily attracts a younger audience, Hollinger excitedly wriggles out from behind bushes, asks questions like \"Have you ever thought about why the Ges\u00e4use is called the Ges\u00e4use?\", or briefly and succinctly explains connections.<br \/>\nThe short videos always end with the self-deprecating question \"Interesting, then stay tuned - wia da Ennstola sogt\".<br \/>\nIt remains to be seen how viewers of the platform rate the hustle and bustle of the national park oldie: interesting or too fidgety?<br \/>\n<a href=\"https:\/\/www.tiktok.com\/@nationalparkgesaeuse\" rel=\"noopener\" target=\"_blank\">Here<\/a> go to the videos!<\/p>\n<\/div>\n\t\t\t\t\n\t\t\t\t\t\t\t<\/div>\n\n\t\t\t\t\t\t\t<img loading=\"lazy\" decoding=\"async\" width=\"576\" height=\"1024\" src=\"https:\/\/nationalpark-gesaeuse.at\/wp-content\/uploads\/TikTok3-576x1024.jpg\" class=\"image-text__image image-text__column\" alt=\"\" srcset=\"https:\/\/nationalpark-gesaeuse.at\/wp-content\/uploads\/TikTok3-576x1024.jpg 576w, https:\/\/nationalpark-gesaeuse.at\/wp-content\/uploads\/TikTok3-608x1080.jpg 608w, https:\/\/nationalpark-gesaeuse.at\/wp-content\/uploads\/TikTok3-169x300.jpg 169w, https:\/\/nationalpark-gesaeuse.at\/wp-content\/uploads\/TikTok3-7x12.jpg 7w, https:\/\/nationalpark-gesaeuse.at\/wp-content\/uploads\/TikTok3.jpg 675w\" sizes=\"auto, (max-width: 576px) 100vw, 576px\" \/>\n\t\t\t\t\t<\/div>\n\t<\/section>\n\n\n<section class=\"firepress-section firepress-image-text\">\n\t\t\t<div class=\"image-text\">\n\t\t\t<div class=\"image-text__content image-text__column\">\n\t\t\t\t\t\t\t\t\t<p class=\"image-text__subtitle\">08.02.2022<\/p>\n\t\t\t\t\n\t\t\t\t\t\t\t\t\t<h3 class=\"image-text__title\">Teachers learn in the National Park<\/h3>\n\t\t\t\t\n\t\t\t\t\t\t\t\t\t<div class=\"image-text__text\"><p>How can future teachers teach children and young people about nature and biodiversity? Students of the Styrian University of Teacher Education with Prof. Dr. Matthias Kowasch organised an exercise on this topic in Gstatterboden. To start with, ranger Markus Blank described the basics of \"interpretation\". Sensitised accordingly, they then went into the field. Fittingly, the group was at the mercy of nature's whims, trudging through knee-high snow and having to adapt the prepared programme to the unexpectedly harsh conditions. But flexibility and adaptability are not a bad basis for the quality practice of the teaching profession.<\/p>\n<\/div>\n\t\t\t\t\n\t\t\t\t\t\t\t<\/div>\n\n\t\t\t\t\t\t\t<img loading=\"lazy\" decoding=\"async\" width=\"1024\" height=\"768\" src=\"https:\/\/nationalpark-gesaeuse.at\/wp-content\/uploads\/IMG_8344b-1024x768.jpg\" class=\"image-text__image image-text__column\" alt=\"\" srcset=\"https:\/\/nationalpark-gesaeuse.at\/wp-content\/uploads\/IMG_8344b-1024x768.jpg 1024w, https:\/\/nationalpark-gesaeuse.at\/wp-content\/uploads\/IMG_8344b-1441x1080.jpg 1441w, https:\/\/nationalpark-gesaeuse.at\/wp-content\/uploads\/IMG_8344b-300x225.jpg 300w, https:\/\/nationalpark-gesaeuse.at\/wp-content\/uploads\/IMG_8344b-768x576.jpg 768w, https:\/\/nationalpark-gesaeuse.at\/wp-content\/uploads\/IMG_8344b-1536x1152.jpg 1536w, https:\/\/nationalpark-gesaeuse.at\/wp-content\/uploads\/IMG_8344b-16x12.jpg 16w, https:\/\/nationalpark-gesaeuse.at\/wp-content\/uploads\/IMG_8344b.jpg 1890w\" sizes=\"auto, (max-width: 1024px) 100vw, 1024px\" \/>\n\t\t\t\t\t<\/div>\n\t<\/section>\n\n\n<section class=\"firepress-section firepress-image\">\n\t\t\t<img loading=\"lazy\" decoding=\"async\" width=\"1024\" height=\"482\" src=\"https:\/\/nationalpark-gesaeuse.at\/wp-content\/uploads\/IMG_8341b-1024x482.jpg\" class=\"image__media\" alt=\"\" style=\"\" srcset=\"https:\/\/nationalpark-gesaeuse.at\/wp-content\/uploads\/IMG_8341b-1024x482.jpg 1024w, https:\/\/nationalpark-gesaeuse.at\/wp-content\/uploads\/IMG_8341b-300x141.jpg 300w, https:\/\/nationalpark-gesaeuse.at\/wp-content\/uploads\/IMG_8341b-768x362.jpg 768w, https:\/\/nationalpark-gesaeuse.at\/wp-content\/uploads\/IMG_8341b-1536x723.jpg 1536w, https:\/\/nationalpark-gesaeuse.at\/wp-content\/uploads\/IMG_8341b-18x8.jpg 18w, https:\/\/nationalpark-gesaeuse.at\/wp-content\/uploads\/IMG_8341b.jpg 1890w\" sizes=\"auto, (max-width: 1024px) 100vw, 1024px\" \/>\n\t<\/section>\n\n\n<section class=\"firepress-section firepress-image\">\n\t\t\t<img loading=\"lazy\" decoding=\"async\" width=\"1024\" height=\"744\" src=\"https:\/\/nationalpark-gesaeuse.at\/wp-content\/uploads\/IMG_8346b-1024x744.jpg\" class=\"image__media\" alt=\"\" style=\"\" srcset=\"https:\/\/nationalpark-gesaeuse.at\/wp-content\/uploads\/IMG_8346b-1024x744.jpg 1024w, https:\/\/nationalpark-gesaeuse.at\/wp-content\/uploads\/IMG_8346b-1486x1080.jpg 1486w, https:\/\/nationalpark-gesaeuse.at\/wp-content\/uploads\/IMG_8346b-300x218.jpg 300w, https:\/\/nationalpark-gesaeuse.at\/wp-content\/uploads\/IMG_8346b-768x558.jpg 768w, https:\/\/nationalpark-gesaeuse.at\/wp-content\/uploads\/IMG_8346b-18x12.jpg 18w, https:\/\/nationalpark-gesaeuse.at\/wp-content\/uploads\/IMG_8346b.jpg 1512w\" sizes=\"auto, (max-width: 1024px) 100vw, 1024px\" \/>\n\t<\/section>\n\n\n<section class=\"firepress-section firepress-image-text\">\n\t\t\t<div class=\"image-text\">\n\t\t\t<div class=\"image-text__content image-text__column\">\n\t\t\t\t\t\t\t\t\t<p class=\"image-text__subtitle\">27.01.2022<\/p>\n\t\t\t\t\n\t\t\t\t\t\t\t\t\t<h3 class=\"image-text__title\">Exchange Round Starry Sky<\/h3>\n\t\t\t\t\n\t\t\t\t\t\t\t\t\t<div class=\"image-text__text\"><p>People in many regions are becoming more and more aware of the dark night sky. Tourists see economic opportunities, doctors see health benefits and for us conservationists, a dark starry sky is simply part of an intact habitat.<br \/>\nProtected area managers from Upper and Lower Austria, Salzburg and Styria exchanged views with German colleagues. The conclusion: they do not see each other as competitors, but would like to work together more internationally in the future...<\/p>\n<\/div>\n\t\t\t\t\n\t\t\t\t\t\t\t<\/div>\n\n\t\t\t\t\t\t\t<img loading=\"lazy\" decoding=\"async\" width=\"683\" height=\"1024\" src=\"https:\/\/nationalpark-gesaeuse.at\/wp-content\/uploads\/Andreas-Hollinger-aaa-2_NPG-683x1024.jpg\" class=\"image-text__image image-text__column\" alt=\"\" srcset=\"https:\/\/nationalpark-gesaeuse.at\/wp-content\/uploads\/Andreas-Hollinger-aaa-2_NPG-683x1024.jpg 683w, https:\/\/nationalpark-gesaeuse.at\/wp-content\/uploads\/Andreas-Hollinger-aaa-2_NPG-721x1080.jpg 721w, https:\/\/nationalpark-gesaeuse.at\/wp-content\/uploads\/Andreas-Hollinger-aaa-2_NPG-200x300.jpg 200w, https:\/\/nationalpark-gesaeuse.at\/wp-content\/uploads\/Andreas-Hollinger-aaa-2_NPG-768x1151.jpg 768w, https:\/\/nationalpark-gesaeuse.at\/wp-content\/uploads\/Andreas-Hollinger-aaa-2_NPG-8x12.jpg 8w, https:\/\/nationalpark-gesaeuse.at\/wp-content\/uploads\/Andreas-Hollinger-aaa-2_NPG.jpg 1001w\" sizes=\"auto, (max-width: 683px) 100vw, 683px\" \/>\n\t\t\t\t\t<\/div>\n\t<\/section>\n\n\n<section class=\"firepress-section firepress-image-text\">\n\t\t\t<div class=\"image-text\">\n\t\t\t<div class=\"image-text__content image-text__column\">\n\t\t\t\t\t\t\t\t\t<p class=\"image-text__subtitle\">12.01.2022<\/p>\n\t\t\t\t\n\t\t\t\t\t\t\t\t\t<h3 class=\"image-text__title\">Passion for nature photography<\/h3>\n\t\t\t\t\n\t\t\t\t\t\t\t\t\t<div class=\"image-text__text\"><p>\"Nothing touches us like the untouched\". With the new 2022 course programme of the National Park Photo School, course participants can expect not only truly untouched nature in the Ges\u00e4use National Park, but also a great deal of passion for nature and landscape photography.<br \/>\nWild water &amp; steep rock, ancient forests, the splendour of orchids, the courtship display of black grouses or the darkest starry sky in Austria... Fantastic motifs - as well as the guidance of certified professionals - are just some of the basic conditions in the encounter between photography and nature in the Ges\u00e4use National Park.<br \/>\nThe current course overview and registration options can be found at <a href=\"https:\/\/nationalpark-gesaeuse.at\/en\/discover-national-park\/national-park-foto-school\/\">here<\/a>!<\/p>\n<p>We look forward to your participation &amp; wish you \"Gut' Licht\"!<\/p>\n<\/div>\n\t\t\t\t\n\t\t\t\t\t\t\t<\/div>\n\n\t\t\t\t\t\t\t<img loading=\"lazy\" decoding=\"async\" width=\"768\" height=\"1024\" src=\"https:\/\/nationalpark-gesaeuse.at\/wp-content\/uploads\/IMG_20210926_114445-768x1024.jpg\" class=\"image-text__image image-text__column\" alt=\"\" srcset=\"https:\/\/nationalpark-gesaeuse.at\/wp-content\/uploads\/IMG_20210926_114445-768x1024.jpg 768w, https:\/\/nationalpark-gesaeuse.at\/wp-content\/uploads\/IMG_20210926_114445-810x1080.jpg 810w, https:\/\/nationalpark-gesaeuse.at\/wp-content\/uploads\/IMG_20210926_114445-225x300.jpg 225w, https:\/\/nationalpark-gesaeuse.at\/wp-content\/uploads\/IMG_20210926_114445-1152x1536.jpg 1152w, https:\/\/nationalpark-gesaeuse.at\/wp-content\/uploads\/IMG_20210926_114445-9x12.jpg 9w, https:\/\/nationalpark-gesaeuse.at\/wp-content\/uploads\/IMG_20210926_114445.jpg 1350w\" sizes=\"auto, (max-width: 768px) 100vw, 768px\" \/>\n\t\t\t\t\t<\/div>\n\t<\/section>\n\n\n<section class=\"firepress-section firepress-image-slider firepress-section--band\">\n\t\t\t<div class=\"image-slider\">\n\t\t\t\t\t\t\t<div class=\"image-slider__header\">\n\t\t\t\t\t\t\t\t\t\t\t<h2 class=\"image-slider__title\">Passion for nature photography<\/h2>\n\t\t\t\t\t\n\t\t\t\t\t\t\t\t\t<\/div>\n\t\t\t\n\t\t\t<div class=\"image-slider__slider\" data-firepress-image-slider>\n\t\t\t\t<div class=\"image-slider__viewport\">\n\t\t\t\t\t<div class=\"image-slider__track\">\n\t\t\t\t\t\t\t\t\t\t\t\t\t<div class=\"image-slider__slide\">\n\t\t\t\t\t\t\t\t<a\n\t\t\t\t\t\t\t\t\tclass=\"image-slider__figure\"\n\t\t\t\t\t\t\t\t\thref=\"https:\/\/nationalpark-gesaeuse.at\/wp-content\/uploads\/DSC0890-1024x683.jpg\"\n\t\t\t\t\t\t\t\t\tdata-full=\"https:\/\/nationalpark-gesaeuse.at\/wp-content\/uploads\/DSC0890-1024x683.jpg\"\n\t\t\t\t\t\t\t\t\tdata-caption=\"\"\n\t\t\t\t\t\t\t\t\tdata-alt=\"_DSC0890\"\n\t\t\t\t\t\t\t\t>\n\t\t\t\t\t\t\t\t\t<img loading=\"lazy\" decoding=\"async\" width=\"1024\" height=\"683\" src=\"https:\/\/nationalpark-gesaeuse.at\/wp-content\/uploads\/DSC0890-1024x683.jpg\" class=\"image-slider__image\" alt=\"_DSC0890\" srcset=\"https:\/\/nationalpark-gesaeuse.at\/wp-content\/uploads\/DSC0890-1024x683.jpg 1024w, https:\/\/nationalpark-gesaeuse.at\/wp-content\/uploads\/DSC0890-1619x1080.jpg 1619w, https:\/\/nationalpark-gesaeuse.at\/wp-content\/uploads\/DSC0890-300x200.jpg 300w, https:\/\/nationalpark-gesaeuse.at\/wp-content\/uploads\/DSC0890-768x512.jpg 768w, https:\/\/nationalpark-gesaeuse.at\/wp-content\/uploads\/DSC0890-1536x1025.jpg 1536w, https:\/\/nationalpark-gesaeuse.at\/wp-content\/uploads\/DSC0890-18x12.jpg 18w, https:\/\/nationalpark-gesaeuse.at\/wp-content\/uploads\/DSC0890.jpg 1772w\" sizes=\"auto, (max-width: 1024px) 100vw, 1024px\" \/>\n\t\t\t\t\t\t\t\t<\/a>\n\n\t\t\t\t\t\t\t\t\t\t\t\t\t\t\t<\/div>\n\t\t\t\t\t\t\t\t\t\t\t\t\t<div class=\"image-slider__slide\">\n\t\t\t\t\t\t\t\t<a\n\t\t\t\t\t\t\t\t\tclass=\"image-slider__figure\"\n\t\t\t\t\t\t\t\t\thref=\"https:\/\/nationalpark-gesaeuse.at\/wp-content\/uploads\/Y7A6117-1-1024x683.jpg\"\n\t\t\t\t\t\t\t\t\tdata-full=\"https:\/\/nationalpark-gesaeuse.at\/wp-content\/uploads\/Y7A6117-1-1024x683.jpg\"\n\t\t\t\t\t\t\t\t\tdata-caption=\"\"\n\t\t\t\t\t\t\t\t\tdata-alt=\"_Y7A6117\"\n\t\t\t\t\t\t\t\t>\n\t\t\t\t\t\t\t\t\t<img loading=\"lazy\" decoding=\"async\" width=\"1024\" height=\"683\" src=\"https:\/\/nationalpark-gesaeuse.at\/wp-content\/uploads\/Y7A6117-1-1024x683.jpg\" class=\"image-slider__image\" alt=\"_Y7A6117\" srcset=\"https:\/\/nationalpark-gesaeuse.at\/wp-content\/uploads\/Y7A6117-1-1024x683.jpg 1024w, https:\/\/nationalpark-gesaeuse.at\/wp-content\/uploads\/Y7A6117-1-1620x1080.jpg 1620w, https:\/\/nationalpark-gesaeuse.at\/wp-content\/uploads\/Y7A6117-1-300x200.jpg 300w, https:\/\/nationalpark-gesaeuse.at\/wp-content\/uploads\/Y7A6117-1-768x512.jpg 768w, https:\/\/nationalpark-gesaeuse.at\/wp-content\/uploads\/Y7A6117-1-1536x1024.jpg 1536w, https:\/\/nationalpark-gesaeuse.at\/wp-content\/uploads\/Y7A6117-1-18x12.jpg 18w, https:\/\/nationalpark-gesaeuse.at\/wp-content\/uploads\/Y7A6117-1.jpg 1800w\" sizes=\"auto, (max-width: 1024px) 100vw, 1024px\" \/>\n\t\t\t\t\t\t\t\t<\/a>\n\n\t\t\t\t\t\t\t\t\t\t\t\t\t\t\t<\/div>\n\t\t\t\t\t\t\t\t\t\t\t\t\t<div class=\"image-slider__slide\">\n\t\t\t\t\t\t\t\t<a\n\t\t\t\t\t\t\t\t\tclass=\"image-slider__figure\"\n\t\t\t\t\t\t\t\t\thref=\"https:\/\/nationalpark-gesaeuse.at\/wp-content\/uploads\/2017_08_29_Fotoschule-Ladies-Weekend_L5B4994-1024x682.jpg\"\n\t\t\t\t\t\t\t\t\tdata-full=\"https:\/\/nationalpark-gesaeuse.at\/wp-content\/uploads\/2017_08_29_Fotoschule-Ladies-Weekend_L5B4994-1024x682.jpg\"\n\t\t\t\t\t\t\t\t\tdata-caption=\"\"\n\t\t\t\t\t\t\t\t\tdata-alt=\"2017_08_29_Fotoschule Ladies Weekend_L5B4994\"\n\t\t\t\t\t\t\t\t>\n\t\t\t\t\t\t\t\t\t<img loading=\"lazy\" decoding=\"async\" width=\"1024\" height=\"682\" src=\"https:\/\/nationalpark-gesaeuse.at\/wp-content\/uploads\/2017_08_29_Fotoschule-Ladies-Weekend_L5B4994-1024x682.jpg\" class=\"image-slider__image\" alt=\"2017_08_29_Photo School Ladies Weekend_L5B4994\" srcset=\"https:\/\/nationalpark-gesaeuse.at\/wp-content\/uploads\/2017_08_29_Fotoschule-Ladies-Weekend_L5B4994-1024x682.jpg 1024w, https:\/\/nationalpark-gesaeuse.at\/wp-content\/uploads\/2017_08_29_Fotoschule-Ladies-Weekend_L5B4994-1620x1080.jpg 1620w, https:\/\/nationalpark-gesaeuse.at\/wp-content\/uploads\/2017_08_29_Fotoschule-Ladies-Weekend_L5B4994-300x200.jpg 300w, https:\/\/nationalpark-gesaeuse.at\/wp-content\/uploads\/2017_08_29_Fotoschule-Ladies-Weekend_L5B4994-768x512.jpg 768w, https:\/\/nationalpark-gesaeuse.at\/wp-content\/uploads\/2017_08_29_Fotoschule-Ladies-Weekend_L5B4994-1536x1024.jpg 1536w, https:\/\/nationalpark-gesaeuse.at\/wp-content\/uploads\/2017_08_29_Fotoschule-Ladies-Weekend_L5B4994-18x12.jpg 18w, https:\/\/nationalpark-gesaeuse.at\/wp-content\/uploads\/2017_08_29_Fotoschule-Ladies-Weekend_L5B4994.jpg 1772w\" sizes=\"auto, (max-width: 1024px) 100vw, 1024px\" \/>\n\t\t\t\t\t\t\t\t<\/a>\n\n\t\t\t\t\t\t\t\t\t\t\t\t\t\t\t<\/div>\n\t\t\t\t\t\t\t\t\t\t\t\t\t<div class=\"image-slider__slide\">\n\t\t\t\t\t\t\t\t<a\n\t\t\t\t\t\t\t\t\tclass=\"image-slider__figure\"\n\t\t\t\t\t\t\t\t\thref=\"https:\/\/nationalpark-gesaeuse.at\/wp-content\/uploads\/Hauptbild-als-Pano-Schick4-1024x683.jpg\"\n\t\t\t\t\t\t\t\t\tdata-full=\"https:\/\/nationalpark-gesaeuse.at\/wp-content\/uploads\/Hauptbild-als-Pano-Schick4-1024x683.jpg\"\n\t\t\t\t\t\t\t\t\tdata-caption=\"\"\n\t\t\t\t\t\t\t\t\tdata-alt=\"Hauptbild als Pano Schick4\"\n\t\t\t\t\t\t\t\t>\n\t\t\t\t\t\t\t\t\t<img loading=\"lazy\" decoding=\"async\" width=\"1024\" height=\"683\" src=\"https:\/\/nationalpark-gesaeuse.at\/wp-content\/uploads\/Hauptbild-als-Pano-Schick4-1024x683.jpg\" class=\"image-slider__image\" alt=\"Main image as Pano Schick4\" srcset=\"https:\/\/nationalpark-gesaeuse.at\/wp-content\/uploads\/Hauptbild-als-Pano-Schick4-1024x683.jpg 1024w, https:\/\/nationalpark-gesaeuse.at\/wp-content\/uploads\/Hauptbild-als-Pano-Schick4-1619x1080.jpg 1619w, https:\/\/nationalpark-gesaeuse.at\/wp-content\/uploads\/Hauptbild-als-Pano-Schick4-300x200.jpg 300w, https:\/\/nationalpark-gesaeuse.at\/wp-content\/uploads\/Hauptbild-als-Pano-Schick4-768x512.jpg 768w, https:\/\/nationalpark-gesaeuse.at\/wp-content\/uploads\/Hauptbild-als-Pano-Schick4-1536x1025.jpg 1536w, https:\/\/nationalpark-gesaeuse.at\/wp-content\/uploads\/Hauptbild-als-Pano-Schick4-18x12.jpg 18w, https:\/\/nationalpark-gesaeuse.at\/wp-content\/uploads\/Hauptbild-als-Pano-Schick4.jpg 1800w\" sizes=\"auto, (max-width: 1024px) 100vw, 1024px\" \/>\n\t\t\t\t\t\t\t\t<\/a>\n\n\t\t\t\t\t\t\t\t\t\t\t\t\t\t\t<\/div>\n\t\t\t\t\t\t\t\t\t\t\t\t\t<div class=\"image-slider__slide\">\n\t\t\t\t\t\t\t\t<a\n\t\t\t\t\t\t\t\t\tclass=\"image-slider__figure\"\n\t\t\t\t\t\t\t\t\thref=\"https:\/\/nationalpark-gesaeuse.at\/wp-content\/uploads\/kleinburger_gesaueseeingang-1024x683.jpg\"\n\t\t\t\t\t\t\t\t\tdata-full=\"https:\/\/nationalpark-gesaeuse.at\/wp-content\/uploads\/kleinburger_gesaueseeingang-1024x683.jpg\"\n\t\t\t\t\t\t\t\t\tdata-caption=\"\"\n\t\t\t\t\t\t\t\t\tdata-alt=\"kleinburger_gesaueseeingang\"\n\t\t\t\t\t\t\t\t>\n\t\t\t\t\t\t\t\t\t<img loading=\"lazy\" decoding=\"async\" width=\"1024\" height=\"683\" src=\"https:\/\/nationalpark-gesaeuse.at\/wp-content\/uploads\/kleinburger_gesaueseeingang-1024x683.jpg\" class=\"image-slider__image\" alt=\"kleinburger_gesaueseeing\" srcset=\"https:\/\/nationalpark-gesaeuse.at\/wp-content\/uploads\/kleinburger_gesaueseeingang-1024x683.jpg 1024w, https:\/\/nationalpark-gesaeuse.at\/wp-content\/uploads\/kleinburger_gesaueseeingang-1620x1080.jpg 1620w, https:\/\/nationalpark-gesaeuse.at\/wp-content\/uploads\/kleinburger_gesaueseeingang-300x200.jpg 300w, https:\/\/nationalpark-gesaeuse.at\/wp-content\/uploads\/kleinburger_gesaueseeingang-768x512.jpg 768w, https:\/\/nationalpark-gesaeuse.at\/wp-content\/uploads\/kleinburger_gesaueseeingang-1536x1024.jpg 1536w, https:\/\/nationalpark-gesaeuse.at\/wp-content\/uploads\/kleinburger_gesaueseeingang-18x12.jpg 18w, https:\/\/nationalpark-gesaeuse.at\/wp-content\/uploads\/kleinburger_gesaueseeingang.jpg 1800w\" sizes=\"auto, (max-width: 1024px) 100vw, 1024px\" \/>\n\t\t\t\t\t\t\t\t<\/a>\n\n\t\t\t\t\t\t\t\t\t\t\t\t\t\t\t<\/div>\n\t\t\t\t\t\t\t\t\t\t\t<\/div>\n\t\t\t\t<\/div>\n\n\t\t\t\t<button\n\t\t\t\t\tclass=\"image-slider__button image-slider__button--prev\"\n\t\t\t\t\ttype=\"button\"\n\t\t\t\t\thidden\n\t\t\t\t>\n\t\t\t\t\t<i class=\"far fa-chevron-left\" aria-hidden=\"true\"><\/i>\n\t\t\t\t\t<span class=\"screen-reader-text\">\n\t\t\t\t\t\tVorheriges Bild\n\t\t\t\t\t<\/span>\n\t\t\t\t<\/button>\n\n\t\t\t\t<button\n\t\t\t\t\tclass=\"image-slider__button image-slider__button--next\"\n\t\t\t\t\ttype=\"button\"\n\t\t\t\t\thidden\n\t\t\t\t>\n\t\t\t\t\t<i class=\"far fa-chevron-right\" aria-hidden=\"true\"><\/i>\n\t\t\t\t\t<span class=\"screen-reader-text\">\n\t\t\t\t\t\tN\u00e4chstes Bild\n\t\t\t\t\t<\/span>\n\t\t\t\t<\/button>\n\t\t\t<\/div>\n\n\t\t\t\t\t\t<dialog class=\"image-slider__lightbox\">\n\t\t\t\t<button\n\t\t\t\t\tclass=\"image-slider__lightbox-close\"\n\t\t\t\t\ttype=\"button\"\n\t\t\t\t\taria-label=\"Schlie\u00dfen\"\n\t\t\t\t>\n\t\t\t\t\t<i class=\"fal fa-times\" aria-hidden=\"true\"><\/i>\n\t\t\t\t<\/button>\n\n\t\t\t\t<figure class=\"image-slider__lightbox-figure\">\n\t\t\t\t\t<img decoding=\"async\" class=\"image-slider__lightbox-image\" src=\"\" alt=\"\">\n\t\t\t\t\t<figcaption class=\"image-slider__lightbox-caption\"><\/figcaption>\n\t\t\t\t<\/figure>\n\t\t\t<\/dialog>\n\t\t<\/div>\n\t<\/section>","protected":false},"excerpt":{"rendered":"","protected":false},"author":5,"featured_media":0,"parent":230,"menu_order":3,"comment_status":"closed","ping_status":"closed","template":"","meta":{"_acf_changed":false,"_relevanssi_hide_post":"","_relevanssi_hide_content":"","_relevanssi_pin_for_all":"","_relevanssi_pin_keywords":"","_relevanssi_unpin_keywords":"","_relevanssi_related_keywords":"","_relevanssi_related_include_ids":"","_relevanssi_related_exclude_ids":"","_relevanssi_related_no_append":"","_relevanssi_related_not_related":"","_relevanssi_related_posts":"","_relevanssi_noindex_reason":"","footnotes":""},"class_list":["post-16772","page","type-page","status-publish","hentry"],"acf":[],"_links":{"self":[{"href":"https:\/\/nationalpark-gesaeuse.at\/en\/wp-json\/wp\/v2\/pages\/16772","targetHints":{"allow":["GET"]}}],"collection":[{"href":"https:\/\/nationalpark-gesaeuse.at\/en\/wp-json\/wp\/v2\/pages"}],"about":[{"href":"https:\/\/nationalpark-gesaeuse.at\/en\/wp-json\/wp\/v2\/types\/page"}],"author":[{"embeddable":true,"href":"https:\/\/nationalpark-gesaeuse.at\/en\/wp-json\/wp\/v2\/users\/5"}],"replies":[{"embeddable":true,"href":"https:\/\/nationalpark-gesaeuse.at\/en\/wp-json\/wp\/v2\/comments?post=16772"}],"version-history":[{"count":3,"href":"https:\/\/nationalpark-gesaeuse.at\/en\/wp-json\/wp\/v2\/pages\/16772\/revisions"}],"predecessor-version":[{"id":16775,"href":"https:\/\/nationalpark-gesaeuse.at\/en\/wp-json\/wp\/v2\/pages\/16772\/revisions\/16775"}],"up":[{"embeddable":true,"href":"https:\/\/nationalpark-gesaeuse.at\/en\/wp-json\/wp\/v2\/pages\/230"}],"wp:attachment":[{"href":"https:\/\/nationalpark-gesaeuse.at\/en\/wp-json\/wp\/v2\/media?parent=16772"}],"curies":[{"name":"wp","href":"https:\/\/api.w.org\/{rel}","templated":true}]}}